{"id":1327,"date":"2024-11-15T17:04:21","date_gmt":"2024-11-15T16:04:21","guid":{"rendered":"https:\/\/smppolesine.provincia.rovigo.it\/?page_id=1327"},"modified":"2026-04-23T12:19:37","modified_gmt":"2026-04-23T10:19:37","slug":"i-musei-del-smpp","status":"publish","type":"page","link":"https:\/\/smppolesine.provincia.rovigo.it\/index.php\/i-musei-del-smpp\/","title":{"rendered":"I Musei del SMPP"},"content":{"rendered":"<p>[et_pb_section fb_built=&#8221;1&#8243; custom_padding_last_edited=&#8221;on|phone&#8221; admin_label=&#8221;Header&#8221; _builder_version=&#8221;4.27.4&#8243; use_background_color_gradient=&#8221;on&#8221; background_color_gradient_type=&#8221;circular&#8221; background_color_gradient_direction_radial=&#8221;top left&#8221; background_color_gradient_stops=&#8221;#f8f8f8 40%|rgba(255,255,255,0) 100%&#8221; background_color_gradient_overlays_image=&#8221;on&#8221; background_color_gradient_start=&#8221;#f8f8f8&#8243; background_color_gradient_start_position=&#8221;40%&#8221; background_color_gradient_end=&#8221;rgba(255,255,255,0)&#8221; background_image=&#8221;https:\/\/smppolesine.provincia.rovigo.it\/wp-content\/uploads\/2024\/07\/manifesto_musei_banner.jpg&#8221; background_position=&#8221;bottom_right&#8221; background_horizontal_offset=&#8221;73%&#8221; background_vertical_offset=&#8221;5%&#8221; max_width_last_edited=&#8221;off|desktop&#8221; module_alignment=&#8221;center&#8221; custom_margin=&#8221;0px|0px||0px|false|true&#8221; custom_margin_tablet=&#8221;0%|0%||0%||true&#8221; custom_margin_phone=&#8221;&#8221; custom_margin_last_edited=&#8221;on|phone&#8221; custom_padding=&#8221;7.5vw|0px|7.5vw|0px|true|true&#8221; custom_padding_tablet=&#8221;5vw||5vw||true|true&#8221; custom_padding_phone=&#8221;10vw|0px|10vw|0px|true|true&#8221; global_colors_info=&#8221;{}&#8221;][et_pb_row _builder_version=&#8221;4.27.0&#8243; background_enable_color=&#8221;off&#8221; border_radii=&#8221;on|0px|0px|0px|0px&#8221; box_shadow_style=&#8221;none&#8221; global_colors_info=&#8221;{}&#8221;][et_pb_column type=&#8221;4_4&#8243; _builder_version=&#8221;4.16&#8243; custom_padding=&#8221;|||&#8221; global_colors_info=&#8221;{}&#8221; custom_padding__hover=&#8221;|||&#8221;][et_pb_text _builder_version=&#8221;4.27.3&#8243; text_font=&#8221;||||||||&#8221; header_font=&#8221;Frank Ruhl Libre|500|||||||&#8221; header_font_size=&#8221;70px&#8221; header_line_height=&#8221;1.4em&#8221; max_width=&#8221;700px&#8221; header_font_size_tablet=&#8221;50px&#8221; header_font_size_phone=&#8221;32px&#8221; header_font_size_last_edited=&#8221;on|phone&#8221; global_colors_info=&#8221;{}&#8221;]<\/p>\n<h1><span>I Musei del SMPP<\/span><\/h1>\n<p>[\/et_pb_text][et_pb_text _builder_version=&#8221;4.27.3&#8243; _module_preset=&#8221;default&#8221; text_font=&#8221;||on||||||&#8221; text_font_size_tablet=&#8221;16px&#8221; text_font_size_phone=&#8221;14px&#8221; text_font_size_last_edited=&#8221;on|phone&#8221; global_colors_info=&#8221;{}&#8221;]<\/p>\n<p>Pollicinum | Museo Polesine<\/p>\n<p>[\/et_pb_text][\/et_pb_column][\/et_pb_row][\/et_pb_section][et_pb_section fb_built=&#8221;1&#8243; _builder_version=&#8221;4.27.3&#8243; _module_preset=&#8221;default&#8221; background_color=&#8221;RGBA(255,255,255,0)&#8221; custom_margin=&#8221;40px||0px||false|false&#8221; custom_padding=&#8221;0px||0px||true|false&#8221; global_colors_info=&#8221;{}&#8221;][et_pb_row disabled_on=&#8221;off|off|off&#8221; _builder_version=&#8221;4.27.3&#8243; _module_preset=&#8221;default&#8221; background_color=&#8221;RGBA(255,255,255,0)&#8221; max_width=&#8221;1150px&#8221; max_width_tablet=&#8221;1180px&#8221; max_width_phone=&#8221;1180px&#8221; max_width_last_edited=&#8221;on|desktop&#8221; custom_margin=&#8221;||0px||false|false&#8221; custom_padding=&#8221;0px||10px||false|false&#8221; border_radii=&#8221;on|0px|0px|0px|0px&#8221; box_shadow_style=&#8221;none&#8221; global_colors_info=&#8221;{}&#8221;][et_pb_column type=&#8221;4_4&#8243; _builder_version=&#8221;4.27.3&#8243; _module_preset=&#8221;default&#8221; global_colors_info=&#8221;{}&#8221;][et_pb_text _builder_version=&#8221;4.27.3&#8243; _module_preset=&#8221;default&#8221; text_font=&#8221;||on||||||&#8221; text_font_size_tablet=&#8221;16px&#8221; text_font_size_phone=&#8221;14px&#8221; text_font_size_last_edited=&#8221;on|phone&#8221; global_colors_info=&#8221;{}&#8221;]<\/p>\n<p>Clicca sui pulsanti per scegliere come visualizzare la lista dei musei.<\/p>\n<p>[\/et_pb_text][\/et_pb_column][\/et_pb_row][et_pb_row column_structure=&#8221;1_4,1_4,1_4,1_4&#8243; disabled_on=&#8221;off|off|off&#8221; _builder_version=&#8221;4.27.3&#8243; _module_preset=&#8221;default&#8221; background_color=&#8221;RGBA(255,255,255,0)&#8221; max_width=&#8221;1180px&#8221; max_width_tablet=&#8221;1180px&#8221; max_width_phone=&#8221;1180px&#8221; max_width_last_edited=&#8221;on|desktop&#8221; custom_margin=&#8221;20px||10px||false|false&#8221; border_radii=&#8221;on|0px|0px|0px|0px&#8221; box_shadow_style=&#8221;none&#8221; global_colors_info=&#8221;{}&#8221;][et_pb_column type=&#8221;1_4&#8243; _builder_version=&#8221;4.27.3&#8243; _module_preset=&#8221;default&#8221; global_colors_info=&#8221;{}&#8221;][et_pb_button button_text=&#8221;Elenco dei musei&#8221; button_alignment=&#8221;center&#8221; module_class=&#8221;mtc_button_1 mtc_button_closed change_color_on_click&#8221; _builder_version=&#8221;4.27.3&#8243; _module_preset=&#8221;default&#8221; custom_button=&#8221;on&#8221; button_text_size=&#8221;18px&#8221; button_bg_color=&#8221;#FFFFFF&#8221; button_border_width=&#8221;1px&#8221; button_border_color=&#8221;gcid-primary-color&#8221; button_border_radius=&#8221;1px&#8221; button_font=&#8221;Roboto Condensed|700||on|||||&#8221; button_icon=&#8221;&#xf0c9;||fa||900&#8243; button_on_hover=&#8221;off&#8221; custom_margin=&#8221;0px|0px|20px|0px|false|true&#8221; custom_padding=&#8221;10px|40px|10px|20px|true|false&#8221; button_text_size_tablet=&#8221;16px&#8221; button_text_size_phone=&#8221;14px&#8221; button_text_size_last_edited=&#8221;on|phone&#8221; button_border_color_last_edited=&#8221;off|desktop&#8221; custom_css_main_element=&#8221;width: 270px&#8221; box_shadow_style=&#8221;preset4&#8243; box_shadow_horizontal=&#8221;5px&#8221; box_shadow_vertical=&#8221;5px&#8221; box_shadow_color=&#8221;rgba(132,44,43,0.68)&#8221; global_colors_info=&#8221;{%22gcid-primary-color%22:%91%22button_bg_color__hover%22,%22button_border_color__hover%22,%22button_border_color%22%93}&#8221; button_text_color__hover_enabled=&#8221;on|desktop&#8221; button_text_color__hover=&#8221;#FFFFFF&#8221; button_bg_color__hover_enabled=&#8221;on|hover&#8221; button_bg_color__hover=&#8221;#842c2b&#8221; button_bg_enable_color__hover=&#8221;on&#8221; button_border_color__hover_enabled=&#8221;off|desktop&#8221; button_border_width__hover_enabled=&#8221;off|hover&#8221; button_border_width__hover=&#8221;1px&#8221; button_border_color__hover=&#8221;#842c2b&#8221;][\/et_pb_button][\/et_pb_column][et_pb_column type=&#8221;1_4&#8243; _builder_version=&#8221;4.27.3&#8243; _module_preset=&#8221;default&#8221; global_colors_info=&#8221;{}&#8221;][et_pb_button button_text=&#8221;Musei per citt\u00e0&#8221; button_alignment=&#8221;center&#8221; module_class=&#8221;mtc_button_3 mtc_button_closed change_color_on_click&#8221; _builder_version=&#8221;4.27.3&#8243; _module_preset=&#8221;default&#8221; custom_button=&#8221;on&#8221; button_text_size=&#8221;18px&#8221; button_bg_color=&#8221;#FFFFFF&#8221; button_border_width=&#8221;1px&#8221; button_border_color=&#8221;gcid-primary-color&#8221; button_border_radius=&#8221;1px&#8221; button_font=&#8221;Roboto Condensed|700||on|||||&#8221; button_icon=&#8221;&#xf557;||fa||900&#8243; button_on_hover=&#8221;off&#8221; custom_margin=&#8221;0px|0px|20px|0px|false|true&#8221; custom_padding=&#8221;10px|40px|10px|20px|true|false&#8221; button_text_size_tablet=&#8221;16px&#8221; button_text_size_phone=&#8221;14px&#8221; button_text_size_last_edited=&#8221;on|phone&#8221; custom_css_main_element=&#8221;width: 270px&#8221; box_shadow_style=&#8221;preset4&#8243; box_shadow_horizontal=&#8221;5px&#8221; box_shadow_vertical=&#8221;5px&#8221; box_shadow_color=&#8221;rgba(132,44,43,0.68)&#8221; global_colors_info=&#8221;{%22gcid-primary-color%22:%91%22button_bg_color__hover%22,%22button_border_color__hover%22,%22button_border_color%22%93,%22gcid-c10716a5-786f-40ca-9923-d402f0a0b0b2%22:%91%22button_bg_color%22%93}&#8221; button_text_color__hover_enabled=&#8221;on|desktop&#8221; button_text_color__hover=&#8221;#FFFFFF&#8221; button_bg_color__hover_enabled=&#8221;on|hover&#8221; button_bg_color__hover=&#8221;#842c2b&#8221; button_bg_enable_color__hover=&#8221;on&#8221; button_border_color__hover_enabled=&#8221;off|desktop&#8221; button_border_color__hover=&#8221;#842c2b&#8221;][\/et_pb_button][\/et_pb_column][et_pb_column type=&#8221;1_4&#8243; _builder_version=&#8221;4.27.3&#8243; _module_preset=&#8221;default&#8221; global_colors_info=&#8221;{}&#8221;][et_pb_button button_text=&#8221;Musei per area tematica&#8221; button_alignment=&#8221;center&#8221; module_class=&#8221;mtc_button_4 mtc_button_closed change_color_on_click&#8221; _builder_version=&#8221;4.27.4&#8243; _module_preset=&#8221;default&#8221; custom_button=&#8221;on&#8221; button_text_size=&#8221;18px&#8221; button_bg_color=&#8221;#FFFFFF&#8221; button_border_width=&#8221;1px&#8221; button_border_color=&#8221;gcid-primary-color&#8221; button_border_radius=&#8221;1px&#8221; button_font=&#8221;Roboto Condensed|700||on|||||&#8221; button_icon=&#8221;&#xf030;||fa||900&#8243; button_on_hover=&#8221;off&#8221; custom_margin=&#8221;0px|0px|20px|0px|false|true&#8221; custom_padding=&#8221;10px|40px|10px|20px|true|false&#8221; button_text_size_tablet=&#8221;16px&#8221; button_text_size_phone=&#8221;14px&#8221; button_text_size_last_edited=&#8221;on|phone&#8221; custom_css_main_element=&#8221;width: 270px&#8221; box_shadow_style=&#8221;preset4&#8243; box_shadow_horizontal=&#8221;5px&#8221; box_shadow_vertical=&#8221;5px&#8221; box_shadow_color=&#8221;rgba(132,44,43,0.68)&#8221; global_colors_info=&#8221;{%22gcid-primary-color%22:%91%22button_bg_color__hover%22,%22button_border_color__hover%22,%22button_border_color%22%93,%22gcid-c10716a5-786f-40ca-9923-d402f0a0b0b2%22:%91%22button_bg_color%22%93}&#8221; button_text_color__hover_enabled=&#8221;on|desktop&#8221; button_text_color__hover=&#8221;#FFFFFF&#8221; button_bg_color__hover_enabled=&#8221;on|hover&#8221; button_bg_color__hover=&#8221;#842c2b&#8221; button_bg_enable_color__hover=&#8221;on&#8221; button_border_color__hover_enabled=&#8221;off|desktop&#8221; button_border_color__hover=&#8221;#842c2b&#8221;][\/et_pb_button][\/et_pb_column][et_pb_column type=&#8221;1_4&#8243; _builder_version=&#8221;4.27.3&#8243; _module_preset=&#8221;default&#8221; global_colors_info=&#8221;{}&#8221;][et_pb_button button_text=&#8221;Mappa dei musei&#8221; button_alignment=&#8221;center&#8221; module_class=&#8221;mtc_button_2 mtc_button_closed change_color_on_click&#8221; _builder_version=&#8221;4.27.3&#8243; _module_preset=&#8221;default&#8221; custom_button=&#8221;on&#8221; button_text_size=&#8221;18px&#8221; button_bg_color=&#8221;#FFFFFF&#8221; button_border_width=&#8221;1px&#8221; button_border_color=&#8221;gcid-primary-color&#8221; button_border_radius=&#8221;1px&#8221; button_font=&#8221;Roboto Condensed|700||on|||||&#8221; button_icon=&#8221;&#xe081;||divi||400&#8243; button_on_hover=&#8221;off&#8221; custom_margin=&#8221;0px|0px|20px|0px|false|true&#8221; custom_padding=&#8221;10px|40px|10px|20px|true|false&#8221; button_text_size_tablet=&#8221;16px&#8221; button_text_size_phone=&#8221;14px&#8221; button_text_size_last_edited=&#8221;on|phone&#8221; custom_css_main_element=&#8221;width: 270px&#8221; box_shadow_style=&#8221;preset4&#8243; box_shadow_horizontal=&#8221;5px&#8221; box_shadow_vertical=&#8221;5px&#8221; box_shadow_color=&#8221;rgba(132,44,43,0.68)&#8221; global_colors_info=&#8221;{%22gcid-primary-color%22:%91%22button_bg_color__hover%22,%22button_border_color__hover%22,%22button_border_color%22%93,%22gcid-c10716a5-786f-40ca-9923-d402f0a0b0b2%22:%91%22button_bg_color%22%93}&#8221; button_text_color__hover_enabled=&#8221;on|desktop&#8221; button_text_color__hover=&#8221;#FFFFFF&#8221; button_bg_color__hover_enabled=&#8221;on|hover&#8221; button_bg_color__hover=&#8221;#842c2b&#8221; button_bg_enable_color__hover=&#8221;on&#8221; button_border_color__hover_enabled=&#8221;off|hover&#8221; button_border_color__hover=&#8221;#842c2b&#8221; button_border_width__hover_enabled=&#8221;off|hover&#8221; button_border_width__hover=&#8221;0px&#8221;][\/et_pb_button][\/et_pb_column][\/et_pb_row][et_pb_row disabled_on=&#8221;off|off|off&#8221; _builder_version=&#8221;4.27.3&#8243; _module_preset=&#8221;default&#8221; background_color=&#8221;RGBA(255,255,255,0)&#8221; max_width=&#8221;1180px&#8221; max_width_tablet=&#8221;1180px&#8221; max_width_phone=&#8221;1180px&#8221; max_width_last_edited=&#8221;on|desktop&#8221; custom_margin=&#8221;40px||0px||false|false&#8221; custom_padding=&#8221;0px||10px||false|false&#8221; border_radii=&#8221;on|0px|0px|0px|0px&#8221; box_shadow_style=&#8221;none&#8221; collapsed=&#8221;on&#8221; global_colors_info=&#8221;{}&#8221;][et_pb_column type=&#8221;4_4&#8243; _builder_version=&#8221;4.27.3&#8243; _module_preset=&#8221;default&#8221; global_colors_info=&#8221;{}&#8221;][et_pb_divider divider_position=&#8221;bottom&#8221; divider_weight=&#8221;2px&#8221; _builder_version=&#8221;4.27.3&#8243; _module_preset=&#8221;default&#8221; custom_margin=&#8221;0px||0px||true|false&#8221; custom_padding=&#8221;0px||0px||true|false&#8221; global_colors_info=&#8221;{}&#8221;][\/et_pb_divider][\/et_pb_column][\/et_pb_row][\/et_pb_section][et_pb_section fb_built=&#8221;1&#8243; admin_label=&#8221;Museum list&#8221; module_class=&#8221;mtc_element_1&#8243; _builder_version=&#8221;4.27.3&#8243; background_enable_mask_style=&#8221;on&#8221; background_mask_style=&#8221;bean&#8221; background_mask_color=&#8221;gcid-a4444f1a-cb4a-4bc8-8aa5-cc8185b0f72f&#8221; background_mask_aspect_ratio=&#8221;portrait&#8221; background_mask_size=&#8221;cover&#8221; custom_margin=&#8221;0px||0px||false|false&#8221; custom_padding=&#8221;40px|0|60px|0px|false|false&#8221; top_divider_color=&#8221;gcid-heading-color&#8221; collapsed=&#8221;off&#8221; global_colors_info=&#8221;{%22gcid-heading-color%22:%91%22top_divider_color%22%93}&#8221;][et_pb_row _builder_version=&#8221;4.27.3&#8243; _module_preset=&#8221;default&#8221; background_enable_color=&#8221;off&#8221; custom_margin=&#8221;0px||40px||false|false&#8221; border_radii=&#8221;on|0px|0px|0px|0px&#8221; box_shadow_style=&#8221;none&#8221; collapsed=&#8221;off&#8221; global_colors_info=&#8221;{}&#8221;][et_pb_column type=&#8221;4_4&#8243; _builder_version=&#8221;4.27.3&#8243; _module_preset=&#8221;default&#8221; global_colors_info=&#8221;{}&#8221;][et_pb_text _builder_version=&#8221;4.27.3&#8243; text_font=&#8221;||||||||&#8221; header_font=&#8221;Frank Ruhl Libre|700|||||||&#8221; header_text_align=&#8221;center&#8221; header_text_color=&#8221;gcid-primary-color&#8221; header_font_size=&#8221;54px&#8221; module_alignment=&#8221;center&#8221; custom_margin=&#8221;0px||0px||true|false&#8221; custom_padding=&#8221;0px||0px||true|false&#8221; header_font_size_tablet=&#8221;40px&#8221; header_font_size_phone=&#8221;28px&#8221; header_font_size_last_edited=&#8221;on|phone&#8221; global_colors_info=&#8221;{%22gcid-primary-color%22:%91%22header_text_color%22%93}&#8221;]<\/p>\n<h1><span>Elenco dei Musei<\/span><\/h1>\n<p>[\/et_pb_text][et_pb_divider divider_weight=&#8221;8px&#8221; _builder_version=&#8221;4.27.3&#8243; _module_preset=&#8221;default&#8221; width=&#8221;10%&#8221; module_alignment=&#8221;center&#8221; custom_margin=&#8221;0px||0px||false|false&#8221; custom_padding=&#8221;0px||0px||false|false&#8221; global_colors_info=&#8221;{}&#8221;][\/et_pb_divider][\/et_pb_column][\/et_pb_row][et_pb_row gutter_width=&#8221;2&#8243; _builder_version=&#8221;4.27.4&#8243; background_enable_color=&#8221;off&#8221; animation_style=&#8221;slide&#8221; animation_direction=&#8221;top&#8221; animation_duration=&#8221;1200ms&#8221; animation_intensity_slide=&#8221;5%&#8221; animation_starting_opacity=&#8221;5%&#8221; border_radii=&#8221;on|0px|0px|0px|0px&#8221; box_shadow_style=&#8221;none&#8221; collapsed=&#8221;off&#8221; global_colors_info=&#8221;{}&#8221;][et_pb_column type=&#8221;4_4&#8243; _builder_version=&#8221;4.16&#8243; custom_padding=&#8221;|||&#8221; global_colors_info=&#8221;{}&#8221; custom_padding__hover=&#8221;|||&#8221;][et_pb_toggle title=&#8221;Museo archeologico nazionale di Adria&#8221; open=&#8221;on&#8221; admin_label=&#8221;Museo Archeologico Nazionale di Adria&#8221; module_id=&#8221;archeologico-nazionale-adria&#8221; _builder_version=&#8221;4.27.4&#8243; _module_preset=&#8221;36baa84b-09ef-4767-8f41-a296e715da11&#8243; link_option_url_new_window=&#8221;on&#8221; border_width_left=&#8221;10px&#8221; global_colors_info=&#8221;{}&#8221;]<\/p>\n<p>Il Museo, circondato da un ampio parco pubblico ad ingresso libero, ha come obiettivo la valorizzazione del patrimonio archeologico di Adria, il cui nome \u00e8 indissolubilmente legato al Mare Adriatico.<\/p>\n\n\t\t<style type=\"text\/css\">\n\t\t\t#gallery-1 {\n\t\t\t\tmargin: auto;\n\t\t\t}\n\t\t\t#gallery-1 .gallery-item {\n\t\t\t\tfloat: left;\n\t\t\t\tmargin-top: 10px;\n\t\t\t\ttext-align: center;\n\t\t\t\twidth: 33%;\n\t\t\t}\n\t\t\t#gallery-1 img {\n\t\t\t\tborder: 2px solid #cfcfcf;\n\t\t\t}\n\t\t\t#gallery-1 .gallery-caption {\n\t\t\t\tmargin-left: 0;\n\t\t\t}\n\t\t\t\/* see gallery_shortcode() in wp-includes\/media.php *\/\n\t\t<\/style>\n\t\t<div id='gallery-1' class='gallery galleryid-1327 gallery-columns-3 gallery-size-thumbnail'><dl class='gallery-item'>\n\t\t\t<dt class='gallery-icon landscape'>\n\t\t\t\t<a href='https:\/\/smppolesine.provincia.rovigo.it\/wp-content\/uploads\/2024\/07\/sez-etrusca-est-1.jpeg'><img loading=\"lazy\" decoding=\"async\" width=\"150\" height=\"150\" src=\"https:\/\/smppolesine.provincia.rovigo.it\/wp-content\/uploads\/2024\/07\/sez-etrusca-est-1-150x150.jpeg\" class=\"attachment-thumbnail size-thumbnail\" alt=\"\" \/><\/a>\n\t\t\t<\/dt><\/dl><dl class='gallery-item'>\n\t\t\t<dt class='gallery-icon landscape'>\n\t\t\t\t<a href='https:\/\/smppolesine.provincia.rovigo.it\/wp-content\/uploads\/2024\/07\/Anfore.jpeg'><img loading=\"lazy\" decoding=\"async\" width=\"150\" height=\"150\" src=\"https:\/\/smppolesine.provincia.rovigo.it\/wp-content\/uploads\/2024\/07\/Anfore-150x150.jpeg\" class=\"attachment-thumbnail size-thumbnail\" alt=\"\" \/><\/a>\n\t\t\t<\/dt><\/dl><dl class='gallery-item'>\n\t\t\t<dt class='gallery-icon landscape'>\n\t\t\t\t<a href='https:\/\/smppolesine.provincia.rovigo.it\/wp-content\/uploads\/2025\/07\/musst_adria_museo_archeologico_mf-44-scaled.jpg'><img loading=\"lazy\" decoding=\"async\" width=\"150\" height=\"150\" src=\"https:\/\/smppolesine.provincia.rovigo.it\/wp-content\/uploads\/2025\/07\/musst_adria_museo_archeologico_mf-44-150x150.jpg\" class=\"attachment-thumbnail size-thumbnail\" alt=\"\" \/><\/a>\n\t\t\t<\/dt><\/dl><br style=\"clear: both\" \/>\n\t\t<\/div>\n\n<p style=\"text-align: right;\"><a href=\"https:\/\/smppolesine.provincia.rovigo.it\/index.php\/project\/museo-archeologico-nazionale-di-adria\/\" title=\"Museo archeologico nazionale di Adria\">Esplora \u00bb<\/a><\/p>\n<p>[\/et_pb_toggle][et_pb_toggle title=&#8221;S\u00e8ptem M\u00e0ria Museum di Amolaretta di Adria&#8221; closed_toggle_background_color=&#8221;#FFFFFF&#8221; admin_label=&#8221;S\u00e8ptem M\u00e0ria Museum di Amolaretta di Adria&#8221; module_id=&#8221;septem-maria-adria&#8221; _builder_version=&#8221;4.27.4&#8243; _module_preset=&#8221;36baa84b-09ef-4767-8f41-a296e715da11&#8243; body_link_font=&#8221;|300|||||||&#8221; custom_margin=&#8221;||0px||false|false&#8221; custom_margin_phone=&#8221;|0px||0px|false|false&#8221; link_option_url_new_window=&#8221;on&#8221; border_width_left=&#8221;10px&#8221; global_colors_info=&#8221;{%22gcid-secondary-color%22:%91%22open_icon_color%22%93}&#8221;]<\/p>\n<p><span>Il Septem M\u00e0ria Museum sorge alla periferia di Adria, nel luogo di una delle pi\u00f9 ricche necropoli etrusche dell\u2019oltre Po, ed \u00e8 ospitato nella sala macchine dell\u2019idrovora ottocentesca di Amolara.<\/span><\/p>\n\n\t\t<style type=\"text\/css\">\n\t\t\t#gallery-2 {\n\t\t\t\tmargin: auto;\n\t\t\t}\n\t\t\t#gallery-2 .gallery-item {\n\t\t\t\tfloat: left;\n\t\t\t\tmargin-top: 10px;\n\t\t\t\ttext-align: center;\n\t\t\t\twidth: 33%;\n\t\t\t}\n\t\t\t#gallery-2 img {\n\t\t\t\tborder: 2px solid #cfcfcf;\n\t\t\t}\n\t\t\t#gallery-2 .gallery-caption {\n\t\t\t\tmargin-left: 0;\n\t\t\t}\n\t\t\t\/* see gallery_shortcode() in wp-includes\/media.php *\/\n\t\t<\/style>\n\t\t<div id='gallery-2' class='gallery galleryid-1327 gallery-columns-3 gallery-size-thumbnail'><dl class='gallery-item'>\n\t\t\t<dt class='gallery-icon landscape'>\n\t\t\t\t<a href='https:\/\/smppolesine.provincia.rovigo.it\/wp-content\/uploads\/2024\/07\/Septem1.jpg.jpeg'><img loading=\"lazy\" decoding=\"async\" width=\"150\" height=\"150\" src=\"https:\/\/smppolesine.provincia.rovigo.it\/wp-content\/uploads\/2024\/07\/Septem1.jpg-150x150.jpeg\" class=\"attachment-thumbnail size-thumbnail\" alt=\"\" \/><\/a>\n\t\t\t<\/dt><\/dl><dl class='gallery-item'>\n\t\t\t<dt class='gallery-icon landscape'>\n\t\t\t\t<a href='https:\/\/smppolesine.provincia.rovigo.it\/wp-content\/uploads\/2024\/07\/DSC_5287_phVZ.jpeg'><img loading=\"lazy\" decoding=\"async\" width=\"150\" height=\"150\" src=\"https:\/\/smppolesine.provincia.rovigo.it\/wp-content\/uploads\/2024\/07\/DSC_5287_phVZ-150x150.jpeg\" class=\"attachment-thumbnail size-thumbnail\" alt=\"\" \/><\/a>\n\t\t\t<\/dt><\/dl><dl class='gallery-item'>\n\t\t\t<dt class='gallery-icon landscape'>\n\t\t\t\t<a href='https:\/\/smppolesine.provincia.rovigo.it\/wp-content\/uploads\/2025\/07\/FRONTE_Valvola-di-regolazione-del-flusso-daria-compressa-per-lavviamento-del-motore-scaled.jpg'><img loading=\"lazy\" decoding=\"async\" width=\"150\" height=\"150\" src=\"https:\/\/smppolesine.provincia.rovigo.it\/wp-content\/uploads\/2025\/07\/FRONTE_Valvola-di-regolazione-del-flusso-daria-compressa-per-lavviamento-del-motore-150x150.jpg\" class=\"attachment-thumbnail size-thumbnail\" alt=\"\" \/><\/a>\n\t\t\t<\/dt><\/dl><br style=\"clear: both\" \/>\n\t\t<\/div>\n\n<p>&nbsp;<\/p>\n<p style=\"text-align: right;\"><span><a href=\"https:\/\/smppolesine.provincia.rovigo.it\/index.php\/project\/septem-maria-museum-di-amolaretta-di-adria\/\" title=\"S\u00e8ptem M\u00e0ria Museum di Amolaretta di Adria\">Esplora \u00bb<\/a><br \/><\/span><\/p>\n<p>[\/et_pb_toggle][et_pb_toggle title=&#8221;Centro Turistico Culturale %22San Basilio%22 di Ariano nel Polesine&#8221; admin_label=&#8221;Centro Turistico Culturale %22San Basilio%22 di Ariano nel Polesine&#8221; module_id=&#8221;san-basilio-ariano&#8221; _builder_version=&#8221;4.27.4&#8243; _module_preset=&#8221;36baa84b-09ef-4767-8f41-a296e715da11&#8243; body_link_font=&#8221;|300|||||||&#8221; custom_margin=&#8221;||0px||false|false&#8221; link_option_url_new_window=&#8221;on&#8221; border_width_left=&#8221;10px&#8221; global_colors_info=&#8221;{%22gcid-secondary-color%22:%91%22open_icon_color%22%93}&#8221;]<\/p>\n<p>Il Centro si trova a pochi passi dal Po di Goro, il ramo pi\u00f9 antico del Delta. Espone significativi reperti archeologici rinvenuti negli scavi adiacenti.\u00a0<\/p>\n\n\t\t<style type=\"text\/css\">\n\t\t\t#gallery-3 {\n\t\t\t\tmargin: auto;\n\t\t\t}\n\t\t\t#gallery-3 .gallery-item {\n\t\t\t\tfloat: left;\n\t\t\t\tmargin-top: 10px;\n\t\t\t\ttext-align: center;\n\t\t\t\twidth: 33%;\n\t\t\t}\n\t\t\t#gallery-3 img {\n\t\t\t\tborder: 2px solid #cfcfcf;\n\t\t\t}\n\t\t\t#gallery-3 .gallery-caption {\n\t\t\t\tmargin-left: 0;\n\t\t\t}\n\t\t\t\/* see gallery_shortcode() in wp-includes\/media.php *\/\n\t\t<\/style>\n\t\t<div id='gallery-3' class='gallery galleryid-1327 gallery-columns-3 gallery-size-thumbnail'><dl class='gallery-item'>\n\t\t\t<dt class='gallery-icon landscape'>\n\t\t\t\t<a href='https:\/\/smppolesine.provincia.rovigo.it\/wp-content\/uploads\/2025\/07\/DSC_6011_phVZ-scaled.jpg'><img loading=\"lazy\" decoding=\"async\" width=\"150\" height=\"150\" src=\"https:\/\/smppolesine.provincia.rovigo.it\/wp-content\/uploads\/2025\/07\/DSC_6011_phVZ-150x150.jpg\" class=\"attachment-thumbnail size-thumbnail\" alt=\"\" \/><\/a>\n\t\t\t<\/dt><\/dl><dl class='gallery-item'>\n\t\t\t<dt class='gallery-icon portrait'>\n\t\t\t\t<a href='https:\/\/smppolesine.provincia.rovigo.it\/wp-content\/uploads\/2025\/07\/IMG_0732-scaled.jpg'><img loading=\"lazy\" decoding=\"async\" width=\"150\" height=\"150\" src=\"https:\/\/smppolesine.provincia.rovigo.it\/wp-content\/uploads\/2025\/07\/IMG_0732-150x150.jpg\" class=\"attachment-thumbnail size-thumbnail\" alt=\"\" \/><\/a>\n\t\t\t<\/dt><\/dl><dl class='gallery-item'>\n\t\t\t<dt class='gallery-icon portrait'>\n\t\t\t\t<a href='https:\/\/smppolesine.provincia.rovigo.it\/wp-content\/uploads\/2025\/07\/RETRO_musst_san_basilio_chiesa_mf-19-scaled.jpg'><img loading=\"lazy\" decoding=\"async\" width=\"150\" height=\"150\" src=\"https:\/\/smppolesine.provincia.rovigo.it\/wp-content\/uploads\/2025\/07\/RETRO_musst_san_basilio_chiesa_mf-19-150x150.jpg\" class=\"attachment-thumbnail size-thumbnail\" alt=\"\" \/><\/a>\n\t\t\t<\/dt><\/dl><br style=\"clear: both\" \/>\n\t\t<\/div>\n\n<p style=\"text-align: right;\"><a href=\"https:\/\/smppolesine.provincia.rovigo.it\/index.php\/project\/centro-turistico-culturale-san-basilio-di-ariano-nel-polesine\/\" title=\"Centro Turistico Culturale &quot;San Basilio&quot; di Ariano nel Polesine\">Esplora \u00bb<\/a><\/p>\n<p>[\/et_pb_toggle][et_pb_toggle title=&#8221;Museo Laboratorio L&#8217;Ocarina di Grillara di Ariano nel Polesine&#8221; open_toggle_background_color=&#8221;#FFFFFF&#8221; closed_toggle_background_color=&#8221;#FFFFFF&#8221; admin_label=&#8221;Museo Laboratorio L&#8217;Ocarina di Grillara di Ariano nel Polesine&#8221; module_id=&#8221;laboratorio-ocarina&#8221; _builder_version=&#8221;4.27.4&#8243; _module_preset=&#8221;36baa84b-09ef-4767-8f41-a296e715da11&#8243; custom_margin=&#8221;||0px||false|false&#8221; custom_margin_tablet=&#8221;&#8221; custom_margin_phone=&#8221;|0px||0px|false|false&#8221; custom_margin_last_edited=&#8221;on|desktop&#8221; border_width_left=&#8221;10px&#8221; global_colors_info=&#8221;{%22gcid-secondary-color%22:%91%22open_icon_color%22%93}&#8221;]<\/p>\n<p>Il museo-laboratorio \u00e8 un luogo magico in cui scoprire una delle tradizioni pi\u00f9 affascinanti del Delta del Po, immersi tra forme, colori, suoni e musica popolare.<\/p>\n\n\t\t<style type=\"text\/css\">\n\t\t\t#gallery-4 {\n\t\t\t\tmargin: auto;\n\t\t\t}\n\t\t\t#gallery-4 .gallery-item {\n\t\t\t\tfloat: left;\n\t\t\t\tmargin-top: 10px;\n\t\t\t\ttext-align: center;\n\t\t\t\twidth: 33%;\n\t\t\t}\n\t\t\t#gallery-4 img {\n\t\t\t\tborder: 2px solid #cfcfcf;\n\t\t\t}\n\t\t\t#gallery-4 .gallery-caption {\n\t\t\t\tmargin-left: 0;\n\t\t\t}\n\t\t\t\/* see gallery_shortcode() in wp-includes\/media.php *\/\n\t\t<\/style>\n\t\t<div id='gallery-4' class='gallery galleryid-1327 gallery-columns-3 gallery-size-thumbnail'><dl class='gallery-item'>\n\t\t\t<dt class='gallery-icon landscape'>\n\t\t\t\t<img loading=\"lazy\" decoding=\"async\" width=\"150\" height=\"150\" src=\"https:\/\/smppolesine.provincia.rovigo.it\/wp-content\/uploads\/2024\/07\/DSC_3869_phVZ-150x150.jpeg\" class=\"attachment-thumbnail size-thumbnail\" alt=\"\" \/>\n\t\t\t<\/dt><\/dl><dl class='gallery-item'>\n\t\t\t<dt class='gallery-icon landscape'>\n\t\t\t\t<img loading=\"lazy\" decoding=\"async\" width=\"150\" height=\"150\" src=\"https:\/\/smppolesine.provincia.rovigo.it\/wp-content\/uploads\/2025\/07\/FRONTE_DSC_3825_phVZ-150x150.jpg\" class=\"attachment-thumbnail size-thumbnail\" alt=\"\" \/>\n\t\t\t<\/dt><\/dl><dl class='gallery-item'>\n\t\t\t<dt class='gallery-icon landscape'>\n\t\t\t\t<img loading=\"lazy\" decoding=\"async\" width=\"150\" height=\"150\" src=\"https:\/\/smppolesine.provincia.rovigo.it\/wp-content\/uploads\/2025\/07\/FRONTE_musst_grillara_museo_ocarina_mf-17-150x150.jpg\" class=\"attachment-thumbnail size-thumbnail\" alt=\"\" \/>\n\t\t\t<\/dt><\/dl><br style=\"clear: both\" \/>\n\t\t<\/div>\n\n<p style=\"text-align: right;\"><span><a href=\"https:\/\/smppolesine.provincia.rovigo.it\/index.php\/project\/museo-laboratorio-locarina-di-grillara-di-ariano-nel-polesine\/\" title=\"Museo Laboratorio L'Ocarina di Grillara di Ariano nel Polesine\">Esplora \u00bb<\/a><a href=\"#museum-list\"><\/a><br \/><\/span><\/p>\n<p>[\/et_pb_toggle][et_pb_toggle title=&#8221;Collezione %22Eugenio Balzan%22 di Badia Polesine&#8221; admin_label=&#8221;Collezione %22Eugenio Balzan%22 di Badia Polesine&#8221; module_id=&#8221;eugenio-balzan&#8221; _builder_version=&#8221;4.27.4&#8243; _module_preset=&#8221;36baa84b-09ef-4767-8f41-a296e715da11&#8243; custom_margin=&#8221;||0px||false|false&#8221; border_width_left=&#8221;10px&#8221; locked=&#8221;off&#8221; global_colors_info=&#8221;{%22gcid-secondary-color%22:%91%22open_icon_color%22%93}&#8221;]<\/p>\n<p>Eugenio Balzan inizi\u00f2 la sua collezione pittorica dal primo decennio del Novecento, per completarla tra gli anni Venti e Trenta. Oggi si pu\u00f2 ammirare al Ridotto dell&#8217;omonimo Teatro Sociale.\u00a0<\/p>\n\n\t\t<style type=\"text\/css\">\n\t\t\t#gallery-5 {\n\t\t\t\tmargin: auto;\n\t\t\t}\n\t\t\t#gallery-5 .gallery-item {\n\t\t\t\tfloat: left;\n\t\t\t\tmargin-top: 10px;\n\t\t\t\ttext-align: center;\n\t\t\t\twidth: 33%;\n\t\t\t}\n\t\t\t#gallery-5 img {\n\t\t\t\tborder: 2px solid #cfcfcf;\n\t\t\t}\n\t\t\t#gallery-5 .gallery-caption {\n\t\t\t\tmargin-left: 0;\n\t\t\t}\n\t\t\t\/* see gallery_shortcode() in wp-includes\/media.php *\/\n\t\t<\/style>\n\t\t<div id='gallery-5' class='gallery galleryid-1327 gallery-columns-3 gallery-size-thumbnail'><dl class='gallery-item'>\n\t\t\t<dt class='gallery-icon landscape'>\n\t\t\t\t<img loading=\"lazy\" decoding=\"async\" width=\"150\" height=\"150\" src=\"https:\/\/smppolesine.provincia.rovigo.it\/wp-content\/uploads\/2024\/07\/DSC_0808_phVZ-150x150.jpeg\" class=\"attachment-thumbnail size-thumbnail\" alt=\"\" \/>\n\t\t\t<\/dt><\/dl><dl class='gallery-item'>\n\t\t\t<dt class='gallery-icon landscape'>\n\t\t\t\t<img loading=\"lazy\" decoding=\"async\" width=\"150\" height=\"150\" src=\"https:\/\/smppolesine.provincia.rovigo.it\/wp-content\/uploads\/2024\/07\/Esposizione_pittorica-150x150.jpeg\" class=\"attachment-thumbnail size-thumbnail\" alt=\"\" \/>\n\t\t\t<\/dt><\/dl><dl class='gallery-item'>\n\t\t\t<dt class='gallery-icon portrait'>\n\t\t\t\t<img loading=\"lazy\" decoding=\"async\" width=\"150\" height=\"150\" src=\"https:\/\/smppolesine.provincia.rovigo.it\/wp-content\/uploads\/2025\/07\/DSC_0748_phVZ-150x150.jpg\" class=\"attachment-thumbnail size-thumbnail\" alt=\"\" \/>\n\t\t\t<\/dt><\/dl><br style=\"clear: both\" \/>\n\t\t<\/div>\n\n<p style=\"text-align: right;\"><a href=\"https:\/\/smppolesine.provincia.rovigo.it\/index.php\/project\/collezione-eugenio-balzan-di-badia-polesine\/\" target=\"_blank\" rel=\"noopener\">Esplora \u00bb<\/a><\/p>\n<p>[\/et_pb_toggle][et_pb_toggle title=&#8221;Museo Storico della Giostra e dello Spettacolo Popolare di Bergantino&#8221; open_toggle_background_color=&#8221;#FFFFFF&#8221; closed_toggle_background_color=&#8221;#FFFFFF&#8221; admin_label=&#8221;Museo Storico della Giostra e dello Spettacolo Popolare di Bergantino&#8221; module_id=&#8221;giostra&#8221; _builder_version=&#8221;4.27.4&#8243; _module_preset=&#8221;36baa84b-09ef-4767-8f41-a296e715da11&#8243; custom_margin=&#8221;||0px||false|false&#8221; custom_margin_tablet=&#8221;&#8221; custom_margin_phone=&#8221;|0px||0px|false|false&#8221; custom_margin_last_edited=&#8221;on|desktop&#8221; border_width_left=&#8221;10px&#8221; locked=&#8221;off&#8221; global_colors_info=&#8221;{%22gcid-secondary-color%22:%91%22open_icon_color%22%93}&#8221;]<\/p>\n<p>Il museo \u00e8 un centro di ricerca e di documentazione unico nel suo genere in Italia. Si occupa del complesso e variegato mondo dello spettacolo popolare di piazza: un lungo viaggio dalla Fiera mercantile medievale fino agli attuali Luna Park ipertecnologici.<\/p>\n\n\t\t<style type=\"text\/css\">\n\t\t\t#gallery-6 {\n\t\t\t\tmargin: auto;\n\t\t\t}\n\t\t\t#gallery-6 .gallery-item {\n\t\t\t\tfloat: left;\n\t\t\t\tmargin-top: 10px;\n\t\t\t\ttext-align: center;\n\t\t\t\twidth: 33%;\n\t\t\t}\n\t\t\t#gallery-6 img {\n\t\t\t\tborder: 2px solid #cfcfcf;\n\t\t\t}\n\t\t\t#gallery-6 .gallery-caption {\n\t\t\t\tmargin-left: 0;\n\t\t\t}\n\t\t\t\/* see gallery_shortcode() in wp-includes\/media.php *\/\n\t\t<\/style>\n\t\t<div id='gallery-6' class='gallery galleryid-1327 gallery-columns-3 gallery-size-thumbnail'><dl class='gallery-item'>\n\t\t\t<dt class='gallery-icon landscape'>\n\t\t\t\t<img loading=\"lazy\" decoding=\"async\" width=\"150\" height=\"150\" src=\"https:\/\/smppolesine.provincia.rovigo.it\/wp-content\/uploads\/2025\/07\/DSC_1214_phVZ-150x150.jpg\" class=\"attachment-thumbnail size-thumbnail\" alt=\"\" \/>\n\t\t\t<\/dt><\/dl><dl class='gallery-item'>\n\t\t\t<dt class='gallery-icon landscape'>\n\t\t\t\t<img loading=\"lazy\" decoding=\"async\" width=\"150\" height=\"150\" src=\"https:\/\/smppolesine.provincia.rovigo.it\/wp-content\/uploads\/2025\/07\/RETRO_DSC_1095_phVZ-150x150.jpg\" class=\"attachment-thumbnail size-thumbnail\" alt=\"\" \/>\n\t\t\t<\/dt><\/dl><dl class='gallery-item'>\n\t\t\t<dt class='gallery-icon landscape'>\n\t\t\t\t<img loading=\"lazy\" decoding=\"async\" width=\"150\" height=\"150\" src=\"https:\/\/smppolesine.provincia.rovigo.it\/wp-content\/uploads\/2025\/07\/musst_bergantino_museo_giostra_mf-35-150x150.jpg\" class=\"attachment-thumbnail size-thumbnail\" alt=\"\" \/>\n\t\t\t<\/dt><\/dl><br style=\"clear: both\" \/>\n\t\t<\/div>\n\n<p style=\"text-align: right;\"><span><a href=\"https:\/\/smppolesine.provincia.rovigo.it\/index.php\/project\/museo-storico-della-giostra-e-dello-spettacolo-popolare-di-bergantino\/\" target=\"_blank\" rel=\"noopener\">Esplora \u00bb<\/a><br \/><\/span><\/p>\n<p>[\/et_pb_toggle][et_pb_toggle title=&#8221;Museo Virtuale del Garofalo &#8211; MuViG&#8221; admin_label=&#8221;Museo Virtuale del Garofalo &#8211; MuViG&#8221; module_id=&#8221;muvig&#8221; _builder_version=&#8221;4.27.4&#8243; _module_preset=&#8221;36baa84b-09ef-4767-8f41-a296e715da11&#8243; custom_margin=&#8221;||0px||false|false&#8221; border_width_left=&#8221;10px&#8221; locked=&#8221;off&#8221; global_colors_info=&#8221;{%22gcid-secondary-color%22:%91%22open_icon_color%22%93}&#8221;]<\/p>\n<p><span>Dedicato a Benvenuto Tisi detto &#8220;il Garofolo&#8221;, importante pittore del Rinascimento italiano, \u00e8 il primo museo virtuale e digitale sulla pittura in Italia.<\/span><\/p>\n\n\t\t<style type=\"text\/css\">\n\t\t\t#gallery-7 {\n\t\t\t\tmargin: auto;\n\t\t\t}\n\t\t\t#gallery-7 .gallery-item {\n\t\t\t\tfloat: left;\n\t\t\t\tmargin-top: 10px;\n\t\t\t\ttext-align: center;\n\t\t\t\twidth: 33%;\n\t\t\t}\n\t\t\t#gallery-7 img {\n\t\t\t\tborder: 2px solid #cfcfcf;\n\t\t\t}\n\t\t\t#gallery-7 .gallery-caption {\n\t\t\t\tmargin-left: 0;\n\t\t\t}\n\t\t\t\/* see gallery_shortcode() in wp-includes\/media.php *\/\n\t\t<\/style>\n\t\t<div id='gallery-7' class='gallery galleryid-1327 gallery-columns-3 gallery-size-thumbnail'><dl class='gallery-item'>\n\t\t\t<dt class='gallery-icon landscape'>\n\t\t\t\t<a href='https:\/\/smppolesine.provincia.rovigo.it\/wp-content\/uploads\/2024\/07\/muvig.jpeg'><img loading=\"lazy\" decoding=\"async\" width=\"150\" height=\"150\" src=\"https:\/\/smppolesine.provincia.rovigo.it\/wp-content\/uploads\/2024\/07\/muvig-150x150.jpeg\" class=\"attachment-thumbnail size-thumbnail\" alt=\"\" \/><\/a>\n\t\t\t<\/dt><\/dl><dl class='gallery-item'>\n\t\t\t<dt class='gallery-icon landscape'>\n\t\t\t\t<a href='https:\/\/smppolesine.provincia.rovigo.it\/wp-content\/uploads\/2024\/07\/DSC_7030_phVZ.jpeg'><img loading=\"lazy\" decoding=\"async\" width=\"150\" height=\"150\" src=\"https:\/\/smppolesine.provincia.rovigo.it\/wp-content\/uploads\/2024\/07\/DSC_7030_phVZ-150x150.jpeg\" class=\"attachment-thumbnail size-thumbnail\" alt=\"\" \/><\/a>\n\t\t\t<\/dt><\/dl><dl class='gallery-item'>\n\t\t\t<dt class='gallery-icon landscape'>\n\t\t\t\t<a href='https:\/\/smppolesine.provincia.rovigo.it\/wp-content\/uploads\/2025\/07\/FRONTE_DSC_7061_phVZ-scaled.jpg'><img loading=\"lazy\" decoding=\"async\" width=\"150\" height=\"150\" src=\"https:\/\/smppolesine.provincia.rovigo.it\/wp-content\/uploads\/2025\/07\/FRONTE_DSC_7061_phVZ-150x150.jpg\" class=\"attachment-thumbnail size-thumbnail\" alt=\"\" \/><\/a>\n\t\t\t<\/dt><\/dl><br style=\"clear: both\" \/>\n\t\t<\/div>\n\n<p style=\"text-align: right;\"><a href=\"https:\/\/smppolesine.provincia.rovigo.it\/index.php\/project\/museo-virtuale-del-garofalo-muvig-di-canaro\/\" title=\"Museo Virtuale del Garofalo - MuViG\">Esplora \u00bb<\/a><\/p>\n<p>[\/et_pb_toggle][et_pb_toggle title=&#8221;Museo Civico Archeologico di Castelnovo Bariano&#8221; open_toggle_background_color=&#8221;#FFFFFF&#8221; closed_toggle_background_color=&#8221;#FFFFFF&#8221; admin_label=&#8221;Museo Civico Archeologico di Castelnovo Bariano&#8221; module_id=&#8221;castelnovo-bariano&#8221; _builder_version=&#8221;4.27.4&#8243; _module_preset=&#8221;36baa84b-09ef-4767-8f41-a296e715da11&#8243; custom_margin=&#8221;||0px||false|false&#8221; custom_margin_tablet=&#8221;&#8221; custom_margin_phone=&#8221;|0px||0px|false|false&#8221; custom_margin_last_edited=&#8221;on|desktop&#8221; border_width_left=&#8221;10px&#8221; locked=&#8221;off&#8221; global_colors_info=&#8221;{%22gcid-secondary-color%22:%91%22open_icon_color%22%93}&#8221;]<\/p>\n<p>Nelle tre sale espositive del museo sono esposti reperti archeologici dell\u2019et\u00e0 del Bronzo provenienti dalla zona fluviale del Tartaro, in particolare da Can\u00e0r (Bronzo Antico), da Canova (Bronzo Medio) e da Marola (Bronzo Finale).<\/p>\n\n\t\t<style type=\"text\/css\">\n\t\t\t#gallery-8 {\n\t\t\t\tmargin: auto;\n\t\t\t}\n\t\t\t#gallery-8 .gallery-item {\n\t\t\t\tfloat: left;\n\t\t\t\tmargin-top: 10px;\n\t\t\t\ttext-align: center;\n\t\t\t\twidth: 33%;\n\t\t\t}\n\t\t\t#gallery-8 img {\n\t\t\t\tborder: 2px solid #cfcfcf;\n\t\t\t}\n\t\t\t#gallery-8 .gallery-caption {\n\t\t\t\tmargin-left: 0;\n\t\t\t}\n\t\t\t\/* see gallery_shortcode() in wp-includes\/media.php *\/\n\t\t<\/style>\n\t\t<div id='gallery-8' class='gallery galleryid-1327 gallery-columns-3 gallery-size-thumbnail'><dl class='gallery-item'>\n\t\t\t<dt class='gallery-icon landscape'>\n\t\t\t\t<a href='https:\/\/smppolesine.provincia.rovigo.it\/wp-content\/uploads\/2025\/07\/RETRO_progetto-musst-museo-civico-archeologico-11-scaled.jpg'><img loading=\"lazy\" decoding=\"async\" width=\"150\" height=\"150\" src=\"https:\/\/smppolesine.provincia.rovigo.it\/wp-content\/uploads\/2025\/07\/RETRO_progetto-musst-museo-civico-archeologico-11-150x150.jpg\" class=\"attachment-thumbnail size-thumbnail\" alt=\"\" \/><\/a>\n\t\t\t<\/dt><\/dl><dl class='gallery-item'>\n\t\t\t<dt class='gallery-icon landscape'>\n\t\t\t\t<a href='https:\/\/smppolesine.provincia.rovigo.it\/wp-content\/uploads\/2025\/07\/RETRO_progetto-musst-museo-civico-archeologico-53-scaled.jpg'><img loading=\"lazy\" decoding=\"async\" width=\"150\" height=\"150\" src=\"https:\/\/smppolesine.provincia.rovigo.it\/wp-content\/uploads\/2025\/07\/RETRO_progetto-musst-museo-civico-archeologico-53-150x150.jpg\" class=\"attachment-thumbnail size-thumbnail\" alt=\"\" \/><\/a>\n\t\t\t<\/dt><\/dl><dl class='gallery-item'>\n\t\t\t<dt class='gallery-icon landscape'>\n\t\t\t\t<a href='https:\/\/smppolesine.provincia.rovigo.it\/wp-content\/uploads\/2025\/07\/RETRO_progetto-musst-museo-civico-archeologico-60-scaled.jpg'><img loading=\"lazy\" decoding=\"async\" width=\"150\" height=\"150\" src=\"https:\/\/smppolesine.provincia.rovigo.it\/wp-content\/uploads\/2025\/07\/RETRO_progetto-musst-museo-civico-archeologico-60-150x150.jpg\" class=\"attachment-thumbnail size-thumbnail\" alt=\"\" \/><\/a>\n\t\t\t<\/dt><\/dl><br style=\"clear: both\" \/>\n\t\t<\/div>\n\n<p style=\"text-align: right;\"><span><a href=\"https:\/\/smppolesine.provincia.rovigo.it\/index.php\/project\/museo-civico-archeologico-di-castelnovo-bariano\/\" title=\"Museo Civico Archeologico di Castelnovo Bariano\">Esplora \u00bb<\/a><a href=\"#museum-list\"><\/a><br \/><\/span><\/p>\n<p>[\/et_pb_toggle][et_pb_toggle title=&#8221;Museo Etnografico \u201cA l\u2019Alboron: Costa di Rovigo nel tempo&#8221; admin_label=&#8221;Museo Civico Archeologico di Castelnovo Bariano&#8221; module_id=&#8221;alboron&#8221; _builder_version=&#8221;4.27.4&#8243; _module_preset=&#8221;36baa84b-09ef-4767-8f41-a296e715da11&#8243; custom_margin=&#8221;||0px||false|false&#8221; border_width_left=&#8221;10px&#8221; locked=&#8221;off&#8221; global_colors_info=&#8221;{%22gcid-secondary-color%22:%91%22open_icon_color%22%93}&#8221;]<\/p>\n<p>Il museo etnografico raccoglie, archivia e valorizza documenti e reperti storici relativi alla storia sociale, economica e religiosa del territorio di Costa di Rovigo.<\/p>\n\n\t\t<style type=\"text\/css\">\n\t\t\t#gallery-9 {\n\t\t\t\tmargin: auto;\n\t\t\t}\n\t\t\t#gallery-9 .gallery-item {\n\t\t\t\tfloat: left;\n\t\t\t\tmargin-top: 10px;\n\t\t\t\ttext-align: center;\n\t\t\t\twidth: 33%;\n\t\t\t}\n\t\t\t#gallery-9 img {\n\t\t\t\tborder: 2px solid #cfcfcf;\n\t\t\t}\n\t\t\t#gallery-9 .gallery-caption {\n\t\t\t\tmargin-left: 0;\n\t\t\t}\n\t\t\t\/* see gallery_shortcode() in wp-includes\/media.php *\/\n\t\t<\/style>\n\t\t<div id='gallery-9' class='gallery galleryid-1327 gallery-columns-3 gallery-size-thumbnail'><dl class='gallery-item'>\n\t\t\t<dt class='gallery-icon landscape'>\n\t\t\t\t<a href='https:\/\/smppolesine.provincia.rovigo.it\/wp-content\/uploads\/2025\/07\/FRONTE_progetto-musst-museo-alboron-costa-di-rovigo-186-scaled.jpg'><img loading=\"lazy\" decoding=\"async\" width=\"150\" height=\"150\" src=\"https:\/\/smppolesine.provincia.rovigo.it\/wp-content\/uploads\/2025\/07\/FRONTE_progetto-musst-museo-alboron-costa-di-rovigo-186-150x150.jpg\" class=\"attachment-thumbnail size-thumbnail\" alt=\"\" \/><\/a>\n\t\t\t<\/dt><\/dl><dl class='gallery-item'>\n\t\t\t<dt class='gallery-icon landscape'>\n\t\t\t\t<a href='https:\/\/smppolesine.provincia.rovigo.it\/wp-content\/uploads\/2025\/07\/FRONTE_progetto-musst-museo-alboron-costa-di-rovigo-37-scaled.jpg'><img loading=\"lazy\" decoding=\"async\" width=\"150\" height=\"150\" src=\"https:\/\/smppolesine.provincia.rovigo.it\/wp-content\/uploads\/2025\/07\/FRONTE_progetto-musst-museo-alboron-costa-di-rovigo-37-150x150.jpg\" class=\"attachment-thumbnail size-thumbnail\" alt=\"\" \/><\/a>\n\t\t\t<\/dt><\/dl><dl class='gallery-item'>\n\t\t\t<dt class='gallery-icon landscape'>\n\t\t\t\t<a href='https:\/\/smppolesine.provincia.rovigo.it\/wp-content\/uploads\/2025\/07\/FRONTE_progetto-musst-museo-alboron-costa-di-rovigo-96-scaled.jpg'><img loading=\"lazy\" decoding=\"async\" width=\"150\" height=\"150\" src=\"https:\/\/smppolesine.provincia.rovigo.it\/wp-content\/uploads\/2025\/07\/FRONTE_progetto-musst-museo-alboron-costa-di-rovigo-96-150x150.jpg\" class=\"attachment-thumbnail size-thumbnail\" alt=\"\" \/><\/a>\n\t\t\t<\/dt><\/dl><br style=\"clear: both\" \/>\n\t\t<\/div>\n\n<p style=\"text-align: right;\"><a href=\"https:\/\/smppolesine.provincia.rovigo.it\/index.php\/project\/museo-etnografico-a-lalboron-costa-di-rovigo-nel-tempo\/\" target=\"_blank\" rel=\"noopener\">Esplora \u00bb<\/a><a href=\"#museum-list\"><\/a><\/p>\n<p>[\/et_pb_toggle][et_pb_toggle title=&#8221;Museo delle Acque di Crespino&#8221; open_toggle_background_color=&#8221;#FFFFFF&#8221; closed_toggle_background_color=&#8221;#FFFFFF&#8221; admin_label=&#8221;Museo delle Acque di Crespino&#8221; module_id=&#8221;museo-acque&#8221; _builder_version=&#8221;4.27.4&#8243; _module_preset=&#8221;36baa84b-09ef-4767-8f41-a296e715da11&#8243; custom_margin=&#8221;||0px||false|false&#8221; custom_margin_tablet=&#8221;&#8221; custom_margin_phone=&#8221;|0px||0px|false|false&#8221; custom_margin_last_edited=&#8221;on|desktop&#8221; border_width_left=&#8221;10px&#8221; locked=&#8221;off&#8221; global_colors_info=&#8221;{%22gcid-secondary-color%22:%91%22open_icon_color%22%93}&#8221;]<\/p>\n<p>Inaugurato nel 2004, il museo racconta lo stretto legame tra il territorio di Crespino, paese conosciuto per il mito di Fetonte, e il fiume Po.<\/p>\n\n\t\t<style type=\"text\/css\">\n\t\t\t#gallery-10 {\n\t\t\t\tmargin: auto;\n\t\t\t}\n\t\t\t#gallery-10 .gallery-item {\n\t\t\t\tfloat: left;\n\t\t\t\tmargin-top: 10px;\n\t\t\t\ttext-align: center;\n\t\t\t\twidth: 33%;\n\t\t\t}\n\t\t\t#gallery-10 img {\n\t\t\t\tborder: 2px solid #cfcfcf;\n\t\t\t}\n\t\t\t#gallery-10 .gallery-caption {\n\t\t\t\tmargin-left: 0;\n\t\t\t}\n\t\t\t\/* see gallery_shortcode() in wp-includes\/media.php *\/\n\t\t<\/style>\n\t\t<div id='gallery-10' class='gallery galleryid-1327 gallery-columns-3 gallery-size-thumbnail'><dl class='gallery-item'>\n\t\t\t<dt class='gallery-icon landscape'>\n\t\t\t\t<a href='https:\/\/smppolesine.provincia.rovigo.it\/wp-content\/uploads\/2024\/07\/DSC_7499_phVZ.jpeg'><img loading=\"lazy\" decoding=\"async\" width=\"150\" height=\"150\" src=\"https:\/\/smppolesine.provincia.rovigo.it\/wp-content\/uploads\/2024\/07\/DSC_7499_phVZ-150x150.jpeg\" class=\"attachment-thumbnail size-thumbnail\" alt=\"\" \/><\/a>\n\t\t\t<\/dt><\/dl><dl class='gallery-item'>\n\t\t\t<dt class='gallery-icon landscape'>\n\t\t\t\t<a href='https:\/\/smppolesine.provincia.rovigo.it\/wp-content\/uploads\/2025\/07\/FRONTE_DSC_7467_phVZ-scaled.jpg'><img loading=\"lazy\" decoding=\"async\" width=\"150\" height=\"150\" src=\"https:\/\/smppolesine.provincia.rovigo.it\/wp-content\/uploads\/2025\/07\/FRONTE_DSC_7467_phVZ-150x150.jpg\" class=\"attachment-thumbnail size-thumbnail\" alt=\"\" \/><\/a>\n\t\t\t<\/dt><\/dl><dl class='gallery-item'>\n\t\t\t<dt class='gallery-icon landscape'>\n\t\t\t\t<a href='https:\/\/smppolesine.provincia.rovigo.it\/wp-content\/uploads\/2025\/07\/FRONTE_DSC_7221_phVZ-scaled.jpg'><img loading=\"lazy\" decoding=\"async\" width=\"150\" height=\"150\" src=\"https:\/\/smppolesine.provincia.rovigo.it\/wp-content\/uploads\/2025\/07\/FRONTE_DSC_7221_phVZ-150x150.jpg\" class=\"attachment-thumbnail size-thumbnail\" alt=\"\" \/><\/a>\n\t\t\t<\/dt><\/dl><br style=\"clear: both\" \/>\n\t\t<\/div>\n\n<p style=\"text-align: right;\"><span><a href=\"https:\/\/smppolesine.provincia.rovigo.it\/index.php\/project\/museo-delle-acque-di-crespino\/\" target=\"_blank\" rel=\"noopener\">Esplora \u00bb<\/a><br \/><\/span><\/p>\n<p>[\/et_pb_toggle][et_pb_toggle title=&#8221;Museo archeologico nazionale di Fratta Polesine&#8221; admin_label=&#8221;Museo Archeologico Nazionale di Fratta Polesine&#8221; module_id=&#8221;archeologico-fratta-polesine&#8221; _builder_version=&#8221;4.27.4&#8243; _module_preset=&#8221;36baa84b-09ef-4767-8f41-a296e715da11&#8243; custom_margin=&#8221;||0px||false|false&#8221; border_width_left=&#8221;10px&#8221; locked=&#8221;off&#8221; global_colors_info=&#8221;{%22gcid-secondary-color%22:%91%22open_icon_color%22%93}&#8221;]<\/p>\n<p>Il museo, inaugurato nel 2009, \u00e8 ospitato in una delle barchesse di Villa Badoer. Espone i reperti rinvenuti in oltre 40 anni di ricerche in Polesine, relativi in particolare al periodo finale dell\u2019Et\u00e0 del bronzo.<\/p>\n\n\t\t<style type=\"text\/css\">\n\t\t\t#gallery-11 {\n\t\t\t\tmargin: auto;\n\t\t\t}\n\t\t\t#gallery-11 .gallery-item {\n\t\t\t\tfloat: left;\n\t\t\t\tmargin-top: 10px;\n\t\t\t\ttext-align: center;\n\t\t\t\twidth: 33%;\n\t\t\t}\n\t\t\t#gallery-11 img {\n\t\t\t\tborder: 2px solid #cfcfcf;\n\t\t\t}\n\t\t\t#gallery-11 .gallery-caption {\n\t\t\t\tmargin-left: 0;\n\t\t\t}\n\t\t\t\/* see gallery_shortcode() in wp-includes\/media.php *\/\n\t\t<\/style>\n\t\t<div id='gallery-11' class='gallery galleryid-1327 gallery-columns-3 gallery-size-thumbnail'><dl class='gallery-item'>\n\t\t\t<dt class='gallery-icon landscape'>\n\t\t\t\t<a href='https:\/\/smppolesine.provincia.rovigo.it\/wp-content\/uploads\/2024\/07\/villa-badoer.jpeg'><img loading=\"lazy\" decoding=\"async\" width=\"150\" height=\"150\" src=\"https:\/\/smppolesine.provincia.rovigo.it\/wp-content\/uploads\/2024\/07\/villa-badoer-150x150.jpeg\" class=\"attachment-thumbnail size-thumbnail\" alt=\"\" \/><\/a>\n\t\t\t<\/dt><\/dl><dl class='gallery-item'>\n\t\t\t<dt class='gallery-icon landscape'>\n\t\t\t\t<a href='https:\/\/smppolesine.provincia.rovigo.it\/wp-content\/uploads\/2025\/07\/FRONTE_DSC_2257_phVZ-scaled.jpg'><img loading=\"lazy\" decoding=\"async\" width=\"150\" height=\"150\" src=\"https:\/\/smppolesine.provincia.rovigo.it\/wp-content\/uploads\/2025\/07\/FRONTE_DSC_2257_phVZ-150x150.jpg\" class=\"attachment-thumbnail size-thumbnail\" alt=\"\" \/><\/a>\n\t\t\t<\/dt><\/dl><dl class='gallery-item'>\n\t\t\t<dt class='gallery-icon landscape'>\n\t\t\t\t<a href='https:\/\/smppolesine.provincia.rovigo.it\/wp-content\/uploads\/2025\/07\/FRONTE_Carretto-miniaturistico-in-ceramica-dal-villaggio-di-Frattesina-1100-1000-a.C.-MANFratta-scaled.jpg'><img loading=\"lazy\" decoding=\"async\" width=\"150\" height=\"150\" src=\"https:\/\/smppolesine.provincia.rovigo.it\/wp-content\/uploads\/2025\/07\/FRONTE_Carretto-miniaturistico-in-ceramica-dal-villaggio-di-Frattesina-1100-1000-a.C.-MANFratta-150x150.jpg\" class=\"attachment-thumbnail size-thumbnail\" alt=\"\" \/><\/a>\n\t\t\t<\/dt><\/dl><br style=\"clear: both\" \/>\n\t\t<\/div>\n\n<p style=\"text-align: right;\"><a href=\"https:\/\/smppolesine.provincia.rovigo.it\/index.php\/project\/museo-archeologico-nazionale-di-fratta-polesine\/\" title=\"Museo archeologico nazionale di Fratta Polesine\">Esplora \u00bb<\/a><\/p>\n<p>[\/et_pb_toggle][et_pb_toggle title=&#8221;Casa Museo %22Giacomo Matteotti%22 di Fratta Polesine&#8221; open_toggle_background_color=&#8221;#FFFFFF&#8221; closed_toggle_background_color=&#8221;#FFFFFF&#8221; admin_label=&#8221;Casa Museo %22Giacomo Matteotti%22 di Fratta Polesine&#8221; module_id=&#8221;giacomo-matteotti&#8221; _builder_version=&#8221;4.27.4&#8243; _module_preset=&#8221;36baa84b-09ef-4767-8f41-a296e715da11&#8243; custom_margin=&#8221;||0px||false|false&#8221; custom_margin_tablet=&#8221;&#8221; custom_margin_phone=&#8221;|0px||0px|false|false&#8221; custom_margin_last_edited=&#8221;on|desktop&#8221; border_width_left=&#8221;10px&#8221; locked=&#8221;off&#8221; global_colors_info=&#8221;{%22gcid-secondary-color%22:%91%22open_icon_color%22%93}&#8221;]<\/p>\n<p>La Casa Museo Giacomo Matteotti \u00e8 stata istituita con la Legge 255\/2004. E&#8217; un luogo di memoria che mantiene inalterate le tracce originarie della vita quotidiana di un protagonista della storia del Novecento e della sua famiglia.<\/p>\n\n\t\t<style type=\"text\/css\">\n\t\t\t#gallery-12 {\n\t\t\t\tmargin: auto;\n\t\t\t}\n\t\t\t#gallery-12 .gallery-item {\n\t\t\t\tfloat: left;\n\t\t\t\tmargin-top: 10px;\n\t\t\t\ttext-align: center;\n\t\t\t\twidth: 33%;\n\t\t\t}\n\t\t\t#gallery-12 img {\n\t\t\t\tborder: 2px solid #cfcfcf;\n\t\t\t}\n\t\t\t#gallery-12 .gallery-caption {\n\t\t\t\tmargin-left: 0;\n\t\t\t}\n\t\t\t\/* see gallery_shortcode() in wp-includes\/media.php *\/\n\t\t<\/style>\n\t\t<div id='gallery-12' class='gallery galleryid-1327 gallery-columns-3 gallery-size-thumbnail'><dl class='gallery-item'>\n\t\t\t<dt class='gallery-icon landscape'>\n\t\t\t\t<a href='https:\/\/smppolesine.provincia.rovigo.it\/wp-content\/uploads\/2024\/07\/Casa_matteotti.jpg.jpeg'><img loading=\"lazy\" decoding=\"async\" width=\"150\" height=\"150\" src=\"https:\/\/smppolesine.provincia.rovigo.it\/wp-content\/uploads\/2024\/07\/Casa_matteotti.jpg-150x150.jpeg\" class=\"attachment-thumbnail size-thumbnail\" alt=\"Casa Museo \u201cGiacomo Matteotti\u201d di Fratta Polesine\" \/><\/a>\n\t\t\t<\/dt><\/dl><dl class='gallery-item'>\n\t\t\t<dt class='gallery-icon landscape'>\n\t\t\t\t<a href='https:\/\/smppolesine.provincia.rovigo.it\/wp-content\/uploads\/2024\/07\/DSC_1437_phVZ.jpeg'><img loading=\"lazy\" decoding=\"async\" width=\"150\" height=\"150\" src=\"https:\/\/smppolesine.provincia.rovigo.it\/wp-content\/uploads\/2024\/07\/DSC_1437_phVZ-150x150.jpeg\" class=\"attachment-thumbnail size-thumbnail\" alt=\"\" \/><\/a>\n\t\t\t<\/dt><\/dl><dl class='gallery-item'>\n\t\t\t<dt class='gallery-icon landscape'>\n\t\t\t\t<a href='https:\/\/smppolesine.provincia.rovigo.it\/wp-content\/uploads\/2025\/07\/FRONTE_DSC_4182_phVZ-scaled.jpg'><img loading=\"lazy\" decoding=\"async\" width=\"150\" height=\"150\" src=\"https:\/\/smppolesine.provincia.rovigo.it\/wp-content\/uploads\/2025\/07\/FRONTE_DSC_4182_phVZ-150x150.jpg\" class=\"attachment-thumbnail size-thumbnail\" alt=\"\" \/><\/a>\n\t\t\t<\/dt><\/dl><br style=\"clear: both\" \/>\n\t\t<\/div>\n\n<p style=\"text-align: right;\"><span><a href=\"https:\/\/smppolesine.provincia.rovigo.it\/index.php\/project\/casa-museo-giacomo-matteotti-di-fratta-polesine\/\" target=\"_blank\" rel=\"noopener\" title=\"Casa Museo &quot;Giacomo Matteotti&quot; di Fratta Polesine\">Esplora \u00bb<\/a><a href=\"#museum-list\"><\/a><br \/><\/span><\/p>\n<p>[\/et_pb_toggle][et_pb_toggle title=&#8221;Centro di Documentazione della Civilt\u00e0 e del Lavoro di Fratta Polesine&#8221; admin_label=&#8221;Centro di Documentazione della Civilt\u00e0 e del Lavoro di Fratta Polesine&#8221; module_id=&#8221;centro-documentazione&#8221; _builder_version=&#8221;4.27.4&#8243; _module_preset=&#8221;36baa84b-09ef-4767-8f41-a296e715da11&#8243; custom_margin=&#8221;||0px||false|false&#8221; border_width_left=&#8221;10px&#8221; locked=&#8221;off&#8221; global_colors_info=&#8221;{%22gcid-secondary-color%22:%91%22open_icon_color%22%93}&#8221;]<\/p>\n<p>Promosso e realizzato dal &#8220;Manegium &#8211; Gruppo Culturale e di Ricerca onlus&#8221; di Fratta Polesine, ricostruisce ambienti tipici del mondo polesano.<\/p>\n\n\t\t<style type=\"text\/css\">\n\t\t\t#gallery-13 {\n\t\t\t\tmargin: auto;\n\t\t\t}\n\t\t\t#gallery-13 .gallery-item {\n\t\t\t\tfloat: left;\n\t\t\t\tmargin-top: 10px;\n\t\t\t\ttext-align: center;\n\t\t\t\twidth: 33%;\n\t\t\t}\n\t\t\t#gallery-13 img {\n\t\t\t\tborder: 2px solid #cfcfcf;\n\t\t\t}\n\t\t\t#gallery-13 .gallery-caption {\n\t\t\t\tmargin-left: 0;\n\t\t\t}\n\t\t\t\/* see gallery_shortcode() in wp-includes\/media.php *\/\n\t\t<\/style>\n\t\t<div id='gallery-13' class='gallery galleryid-1327 gallery-columns-3 gallery-size-thumbnail'><dl class='gallery-item'>\n\t\t\t<dt class='gallery-icon landscape'>\n\t\t\t\t<a href='https:\/\/smppolesine.provincia.rovigo.it\/wp-content\/uploads\/2024\/07\/Struttura.jpg.jpeg'><img loading=\"lazy\" decoding=\"async\" width=\"150\" height=\"150\" src=\"https:\/\/smppolesine.provincia.rovigo.it\/wp-content\/uploads\/2024\/07\/Struttura.jpg-150x150.jpeg\" class=\"attachment-thumbnail size-thumbnail\" alt=\"Centro di Documentazione della Civilt\u00e0 e del Lavoro di Fratta Polesine\" \/><\/a>\n\t\t\t<\/dt><\/dl><dl class='gallery-item'>\n\t\t\t<dt class='gallery-icon landscape'>\n\t\t\t\t<a href='https:\/\/smppolesine.provincia.rovigo.it\/wp-content\/uploads\/2024\/07\/20-aula-20.jpg.jpeg'><img loading=\"lazy\" decoding=\"async\" width=\"150\" height=\"150\" src=\"https:\/\/smppolesine.provincia.rovigo.it\/wp-content\/uploads\/2024\/07\/20-aula-20.jpg-150x150.jpeg\" class=\"attachment-thumbnail size-thumbnail\" alt=\"\" \/><\/a>\n\t\t\t<\/dt><\/dl><dl class='gallery-item'>\n\t\t\t<dt class='gallery-icon landscape'>\n\t\t\t\t<a href='https:\/\/smppolesine.provincia.rovigo.it\/wp-content\/uploads\/2025\/07\/DSC_7933_phVZ-scaled.jpg'><img loading=\"lazy\" decoding=\"async\" width=\"150\" height=\"150\" src=\"https:\/\/smppolesine.provincia.rovigo.it\/wp-content\/uploads\/2025\/07\/DSC_7933_phVZ-150x150.jpg\" class=\"attachment-thumbnail size-thumbnail\" alt=\"\" \/><\/a>\n\t\t\t<\/dt><\/dl><br style=\"clear: both\" \/>\n\t\t<\/div>\n\n<p style=\"text-align: right;\"><a href=\"https:\/\/smppolesine.provincia.rovigo.it\/index.php\/project\/centro-di-documentazione-della-civilta-e-del-lavoro-di-fratta-polesine\/\" title=\"Centro di Documentazione della Civilt\u00e0 e del Lavoro di Fratta Polesine\">Esplora \u00bb<\/a><\/p>\n<p>[\/et_pb_toggle][et_pb_toggle title=&#8221;Mulino al Pizzon di Fratta Polesine&#8221; open_toggle_background_color=&#8221;#FFFFFF&#8221; closed_toggle_background_color=&#8221;#FFFFFF&#8221; admin_label=&#8221;Mulino al Pizzon di Fratta Polesine&#8221; module_id=&#8221;mulino-pizzon&#8221; _builder_version=&#8221;4.27.4&#8243; _module_preset=&#8221;36baa84b-09ef-4767-8f41-a296e715da11&#8243; custom_margin=&#8221;||0px||false|false&#8221; custom_margin_tablet=&#8221;&#8221; custom_margin_phone=&#8221;|0px||0px|false|false&#8221; custom_margin_last_edited=&#8221;on|desktop&#8221; border_width_left=&#8221;10px&#8221; locked=&#8221;off&#8221; global_colors_info=&#8221;{%22gcid-secondary-color%22:%91%22open_icon_color%22%93}&#8221;]<\/p>\n<p>Il museo sorge nel piccolo borgo Pizz\u00f2n, nel Comune di Fratta Polesine. All&#8217;interno dei locali del Mulino \u00e8 possibile scoprire mestieri e tradizioni legate soprattutto alla lavorazione dei cereali.<\/p>\n\n\t\t<style type=\"text\/css\">\n\t\t\t#gallery-14 {\n\t\t\t\tmargin: auto;\n\t\t\t}\n\t\t\t#gallery-14 .gallery-item {\n\t\t\t\tfloat: left;\n\t\t\t\tmargin-top: 10px;\n\t\t\t\ttext-align: center;\n\t\t\t\twidth: 33%;\n\t\t\t}\n\t\t\t#gallery-14 img {\n\t\t\t\tborder: 2px solid #cfcfcf;\n\t\t\t}\n\t\t\t#gallery-14 .gallery-caption {\n\t\t\t\tmargin-left: 0;\n\t\t\t}\n\t\t\t\/* see gallery_shortcode() in wp-includes\/media.php *\/\n\t\t<\/style>\n\t\t<div id='gallery-14' class='gallery galleryid-1327 gallery-columns-3 gallery-size-thumbnail'><dl class='gallery-item'>\n\t\t\t<dt class='gallery-icon landscape'>\n\t\t\t\t<a href='https:\/\/smppolesine.provincia.rovigo.it\/wp-content\/uploads\/2025\/07\/FRONTE_DSC_4638_phVZ-scaled.jpg'><img loading=\"lazy\" decoding=\"async\" width=\"150\" height=\"150\" src=\"https:\/\/smppolesine.provincia.rovigo.it\/wp-content\/uploads\/2025\/07\/FRONTE_DSC_4638_phVZ-150x150.jpg\" class=\"attachment-thumbnail size-thumbnail\" alt=\"\" \/><\/a>\n\t\t\t<\/dt><\/dl><dl class='gallery-item'>\n\t\t\t<dt class='gallery-icon portrait'>\n\t\t\t\t<a href='https:\/\/smppolesine.provincia.rovigo.it\/wp-content\/uploads\/2025\/07\/RETRO_Mulino-al-Pizzon-Fratta-Pol-scaled.jpg'><img loading=\"lazy\" decoding=\"async\" width=\"150\" height=\"150\" src=\"https:\/\/smppolesine.provincia.rovigo.it\/wp-content\/uploads\/2025\/07\/RETRO_Mulino-al-Pizzon-Fratta-Pol-150x150.jpg\" class=\"attachment-thumbnail size-thumbnail\" alt=\"\" \/><\/a>\n\t\t\t<\/dt><\/dl><dl class='gallery-item'>\n\t\t\t<dt class='gallery-icon portrait'>\n\t\t\t\t<a href='https:\/\/smppolesine.provincia.rovigo.it\/wp-content\/uploads\/2025\/07\/FRONTE_musst_fratta_museo_pizzon_mf-41-scaled.jpg'><img loading=\"lazy\" decoding=\"async\" width=\"150\" height=\"150\" src=\"https:\/\/smppolesine.provincia.rovigo.it\/wp-content\/uploads\/2025\/07\/FRONTE_musst_fratta_museo_pizzon_mf-41-150x150.jpg\" class=\"attachment-thumbnail size-thumbnail\" alt=\"\" \/><\/a>\n\t\t\t<\/dt><\/dl><br style=\"clear: both\" \/>\n\t\t<\/div>\n\n<p style=\"text-align: right;\"><span><a href=\"https:\/\/smppolesine.provincia.rovigo.it\/index.php\/project\/mulino-al-pizzon-di-fratta-polesine\/\" target=\"_blank\" rel=\"noopener\">Esplora \u00bb<\/a><br \/><\/span><\/p>\n<p>[\/et_pb_toggle][et_pb_toggle title=&#8221;Museo del Risorgimento Polesano di Lendinara&#8221; admin_label=&#8221;Museo del Risorgimento Polesano di Lendinara&#8221; module_id=&#8221;risorgimento&#8221; _builder_version=&#8221;4.27.4&#8243; _module_preset=&#8221;36baa84b-09ef-4767-8f41-a296e715da11&#8243; custom_margin=&#8221;||0px||false|false&#8221; border_width_left=&#8221;10px&#8221; locked=&#8221;off&#8221; global_colors_info=&#8221;{%22gcid-secondary-color%22:%91%22open_icon_color%22%93}&#8221;]<\/p>\n<p>Ospitato nelle sale del sottotetto di Palazzo Boldrin, divenuto &#8220;Cittadella della Cultura&#8221; nel 2016, il museo racconta l&#8217;impegno politico e civile del lendinarese Alberto Mario e della moglie inglese Jessie White.<\/p>\n\n\t\t<style type=\"text\/css\">\n\t\t\t#gallery-15 {\n\t\t\t\tmargin: auto;\n\t\t\t}\n\t\t\t#gallery-15 .gallery-item {\n\t\t\t\tfloat: left;\n\t\t\t\tmargin-top: 10px;\n\t\t\t\ttext-align: center;\n\t\t\t\twidth: 33%;\n\t\t\t}\n\t\t\t#gallery-15 img {\n\t\t\t\tborder: 2px solid #cfcfcf;\n\t\t\t}\n\t\t\t#gallery-15 .gallery-caption {\n\t\t\t\tmargin-left: 0;\n\t\t\t}\n\t\t\t\/* see gallery_shortcode() in wp-includes\/media.php *\/\n\t\t<\/style>\n\t\t<div id='gallery-15' class='gallery galleryid-1327 gallery-columns-3 gallery-size-thumbnail'><dl class='gallery-item'>\n\t\t\t<dt class='gallery-icon landscape'>\n\t\t\t\t<a href='https:\/\/smppolesine.provincia.rovigo.it\/wp-content\/uploads\/2024\/07\/Museo.jpeg'><img loading=\"lazy\" decoding=\"async\" width=\"150\" height=\"150\" src=\"https:\/\/smppolesine.provincia.rovigo.it\/wp-content\/uploads\/2024\/07\/Museo-150x150.jpeg\" class=\"attachment-thumbnail size-thumbnail\" alt=\"Museo del Risorgimento Polesano di Lendinara\" \/><\/a>\n\t\t\t<\/dt><\/dl><dl class='gallery-item'>\n\t\t\t<dt class='gallery-icon landscape'>\n\t\t\t\t<a href='https:\/\/smppolesine.provincia.rovigo.it\/wp-content\/uploads\/2024\/07\/DSC_5180_phVZ.jpeg'><img loading=\"lazy\" decoding=\"async\" width=\"150\" height=\"150\" src=\"https:\/\/smppolesine.provincia.rovigo.it\/wp-content\/uploads\/2024\/07\/DSC_5180_phVZ-150x150.jpeg\" class=\"attachment-thumbnail size-thumbnail\" alt=\"\" \/><\/a>\n\t\t\t<\/dt><\/dl><dl class='gallery-item'>\n\t\t\t<dt class='gallery-icon portrait'>\n\t\t\t\t<a href='https:\/\/smppolesine.provincia.rovigo.it\/wp-content\/uploads\/2025\/07\/FRONTE_DSC_5247_phVZ-scaled.jpg'><img loading=\"lazy\" decoding=\"async\" width=\"150\" height=\"150\" src=\"https:\/\/smppolesine.provincia.rovigo.it\/wp-content\/uploads\/2025\/07\/FRONTE_DSC_5247_phVZ-150x150.jpg\" class=\"attachment-thumbnail size-thumbnail\" alt=\"\" \/><\/a>\n\t\t\t<\/dt><\/dl><br style=\"clear: both\" \/>\n\t\t<\/div>\n\n<p style=\"text-align: right;\"><a href=\"https:\/\/smppolesine.provincia.rovigo.it\/index.php\/project\/museo-del-risorgimento-polesano-di-lendinara\/\" title=\"Museo del Risorgimento Polesano di Lendinara\">Esplora \u00bb<\/a><\/p>\n<p>[\/et_pb_toggle][et_pb_toggle title=&#8221;Antiquarium di Loreo&#8221; open_toggle_background_color=&#8221;#FFFFFF&#8221; closed_toggle_background_color=&#8221;#FFFFFF&#8221; admin_label=&#8221;Antiquarium di Loreo&#8221; module_id=&#8221;antiquarium-loreo&#8221; _builder_version=&#8221;4.27.4&#8243; _module_preset=&#8221;36baa84b-09ef-4767-8f41-a296e715da11&#8243; custom_margin=&#8221;||0px||false|false&#8221; custom_margin_tablet=&#8221;&#8221; custom_margin_phone=&#8221;|0px||0px|false|false&#8221; custom_margin_last_edited=&#8221;on|desktop&#8221; border_width_left=&#8221;10px&#8221; locked=&#8221;off&#8221; global_colors_info=&#8221;{%22gcid-secondary-color%22:%91%22open_icon_color%22%93}&#8221;]<\/p>\n<p>Il museo espone i materiali rinvenuti negli scavi del sito romano di Corte Cavanella e valorizza la cultura e le tradizioni storiche e artistiche dell&#8217;intera zona del Delta del Po.\u00a0<\/p>\n\n\t\t<style type=\"text\/css\">\n\t\t\t#gallery-16 {\n\t\t\t\tmargin: auto;\n\t\t\t}\n\t\t\t#gallery-16 .gallery-item {\n\t\t\t\tfloat: left;\n\t\t\t\tmargin-top: 10px;\n\t\t\t\ttext-align: center;\n\t\t\t\twidth: 33%;\n\t\t\t}\n\t\t\t#gallery-16 img {\n\t\t\t\tborder: 2px solid #cfcfcf;\n\t\t\t}\n\t\t\t#gallery-16 .gallery-caption {\n\t\t\t\tmargin-left: 0;\n\t\t\t}\n\t\t\t\/* see gallery_shortcode() in wp-includes\/media.php *\/\n\t\t<\/style>\n\t\t<div id='gallery-16' class='gallery galleryid-1327 gallery-columns-3 gallery-size-thumbnail'><dl class='gallery-item'>\n\t\t\t<dt class='gallery-icon portrait'>\n\t\t\t\t<a href='https:\/\/smppolesine.provincia.rovigo.it\/wp-content\/uploads\/2024\/07\/Loreo_RO_La_torre_dellorologio.jpg'><img loading=\"lazy\" decoding=\"async\" width=\"150\" height=\"150\" src=\"https:\/\/smppolesine.provincia.rovigo.it\/wp-content\/uploads\/2024\/07\/Loreo_RO_La_torre_dellorologio-150x150.jpg\" class=\"attachment-thumbnail size-thumbnail\" alt=\"\" \/><\/a>\n\t\t\t<\/dt><\/dl><dl class='gallery-item'>\n\t\t\t<dt class='gallery-icon landscape'>\n\t\t\t\t<a href='https:\/\/smppolesine.provincia.rovigo.it\/wp-content\/uploads\/2025\/07\/FRONTE_musst-loreo-museo-antiquarium-fm-16-scaled.jpg'><img loading=\"lazy\" decoding=\"async\" width=\"150\" height=\"150\" src=\"https:\/\/smppolesine.provincia.rovigo.it\/wp-content\/uploads\/2025\/07\/FRONTE_musst-loreo-museo-antiquarium-fm-16-150x150.jpg\" class=\"attachment-thumbnail size-thumbnail\" alt=\"\" \/><\/a>\n\t\t\t<\/dt><\/dl><dl class='gallery-item'>\n\t\t\t<dt class='gallery-icon landscape'>\n\t\t\t\t<a href='https:\/\/smppolesine.provincia.rovigo.it\/wp-content\/uploads\/2025\/07\/progetto-musst-museo-antiquarium-loreo-56-scaled.jpg'><img loading=\"lazy\" decoding=\"async\" width=\"150\" height=\"150\" src=\"https:\/\/smppolesine.provincia.rovigo.it\/wp-content\/uploads\/2025\/07\/progetto-musst-museo-antiquarium-loreo-56-150x150.jpg\" class=\"attachment-thumbnail size-thumbnail\" alt=\"\" \/><\/a>\n\t\t\t<\/dt><\/dl><br style=\"clear: both\" \/>\n\t\t<\/div>\n\n<p style=\"text-align: right;\"><span><a href=\"https:\/\/smppolesine.provincia.rovigo.it\/index.php\/project\/antiquarium-di-loreo\/\" title=\"Antiquarium di Loreo\">Esplora \u00bb<\/a><a href=\"#museum-list\"><\/a><br \/><\/span><\/p>\n<p>[\/et_pb_toggle][et_pb_toggle title=&#8221;Museo d&#8217;Impresa Antiche Distillerie Mantovani di Pincara&#8221; admin_label=&#8221;Museo d&#8217;Impresa Antiche Distillerie Mantovani di Pincara&#8221; module_id=&#8221;mantovani&#8221; _builder_version=&#8221;4.27.4&#8243; _module_preset=&#8221;36baa84b-09ef-4767-8f41-a296e715da11&#8243; custom_margin=&#8221;||0px||false|false&#8221; border_width_left=&#8221;10px&#8221; locked=&#8221;off&#8221; global_colors_info=&#8221;{%22gcid-secondary-color%22:%91%22open_icon_color%22%93}&#8221;]<\/p>\n<p>Il museo \u00e8 stato realizzato all&#8217;interno dell&#8217;azienda nel 2004 e ricostruisce la storia imprenditoriale e lavorativa di ben sei generazioni.<\/p>\n\n\t\t<style type=\"text\/css\">\n\t\t\t#gallery-17 {\n\t\t\t\tmargin: auto;\n\t\t\t}\n\t\t\t#gallery-17 .gallery-item {\n\t\t\t\tfloat: left;\n\t\t\t\tmargin-top: 10px;\n\t\t\t\ttext-align: center;\n\t\t\t\twidth: 33%;\n\t\t\t}\n\t\t\t#gallery-17 img {\n\t\t\t\tborder: 2px solid #cfcfcf;\n\t\t\t}\n\t\t\t#gallery-17 .gallery-caption {\n\t\t\t\tmargin-left: 0;\n\t\t\t}\n\t\t\t\/* see gallery_shortcode() in wp-includes\/media.php *\/\n\t\t<\/style>\n\t\t<div id='gallery-17' class='gallery galleryid-1327 gallery-columns-3 gallery-size-thumbnail'><dl class='gallery-item'>\n\t\t\t<dt class='gallery-icon landscape'>\n\t\t\t\t<a href='https:\/\/smppolesine.provincia.rovigo.it\/wp-content\/uploads\/2024\/07\/Insegna.jpg.jpeg'><img loading=\"lazy\" decoding=\"async\" width=\"150\" height=\"150\" src=\"https:\/\/smppolesine.provincia.rovigo.it\/wp-content\/uploads\/2024\/07\/Insegna.jpg-150x150.jpeg\" class=\"attachment-thumbnail size-thumbnail\" alt=\"Museo d\u2019Impresa Antiche Distillerie Mantovani di Pincara\" \/><\/a>\n\t\t\t<\/dt><\/dl><dl class='gallery-item'>\n\t\t\t<dt class='gallery-icon landscape'>\n\t\t\t\t<a href='https:\/\/smppolesine.provincia.rovigo.it\/wp-content\/uploads\/2025\/07\/FRONTE_DSC_5043_phVZ-scaled.jpg'><img loading=\"lazy\" decoding=\"async\" width=\"150\" height=\"150\" src=\"https:\/\/smppolesine.provincia.rovigo.it\/wp-content\/uploads\/2025\/07\/FRONTE_DSC_5043_phVZ-150x150.jpg\" class=\"attachment-thumbnail size-thumbnail\" alt=\"\" \/><\/a>\n\t\t\t<\/dt><\/dl><dl class='gallery-item'>\n\t\t\t<dt class='gallery-icon landscape'>\n\t\t\t\t<a href='https:\/\/smppolesine.provincia.rovigo.it\/wp-content\/uploads\/2025\/07\/RETRO_musst_pincara_distillerie_mantovani_mf-70-scaled.jpg'><img loading=\"lazy\" decoding=\"async\" width=\"150\" height=\"150\" src=\"https:\/\/smppolesine.provincia.rovigo.it\/wp-content\/uploads\/2025\/07\/RETRO_musst_pincara_distillerie_mantovani_mf-70-150x150.jpg\" class=\"attachment-thumbnail size-thumbnail\" alt=\"\" \/><\/a>\n\t\t\t<\/dt><\/dl><br style=\"clear: both\" \/>\n\t\t<\/div>\n\n<p style=\"text-align: right;\"><a href=\"https:\/\/smppolesine.provincia.rovigo.it\/index.php\/project\/museo-dimpresa-antiche-distillerie-mantovani-di-pincara\/\" title=\"Museo d'Impresa Antiche Distillerie Mantovani di Pincara\">Esplora \u00bb<\/a><\/p>\n<p>[\/et_pb_toggle][et_pb_toggle title=&#8221;Museo delle Api Centro di Apicoltura di Ca&#8217; Cappellino di Porto Viro&#8221; open_toggle_background_color=&#8221;#FFFFFF&#8221; closed_toggle_background_color=&#8221;#FFFFFF&#8221; admin_label=&#8221;Museo delle Api Centro di Apicoltura di Ca&#8217; Cappellino di Porto Viro&#8221; module_id=&#8221;api-centro&#8221; _builder_version=&#8221;4.27.4&#8243; _module_preset=&#8221;36baa84b-09ef-4767-8f41-a296e715da11&#8243; custom_margin=&#8221;||0px||false|false&#8221; custom_margin_tablet=&#8221;&#8221; custom_margin_phone=&#8221;|0px||0px|false|false&#8221; custom_margin_last_edited=&#8221;on|desktop&#8221; border_width_left=&#8221;10px&#8221; locked=&#8221;off&#8221; global_colors_info=&#8221;{%22gcid-secondary-color%22:%91%22open_icon_color%22%93}&#8221;]<\/p>\n<p>A pochi chilometri da Porto Viro, nel paese di Ca&#8217; Cappellino, questo museo conduce alla scoperta della vita delle api e dei loro preziosi prodotti.<\/p>\n\n\t\t<style type=\"text\/css\">\n\t\t\t#gallery-18 {\n\t\t\t\tmargin: auto;\n\t\t\t}\n\t\t\t#gallery-18 .gallery-item {\n\t\t\t\tfloat: left;\n\t\t\t\tmargin-top: 10px;\n\t\t\t\ttext-align: center;\n\t\t\t\twidth: 33%;\n\t\t\t}\n\t\t\t#gallery-18 img {\n\t\t\t\tborder: 2px solid #cfcfcf;\n\t\t\t}\n\t\t\t#gallery-18 .gallery-caption {\n\t\t\t\tmargin-left: 0;\n\t\t\t}\n\t\t\t\/* see gallery_shortcode() in wp-includes\/media.php *\/\n\t\t<\/style>\n\t\t<div id='gallery-18' class='gallery galleryid-1327 gallery-columns-3 gallery-size-thumbnail'><dl class='gallery-item'>\n\t\t\t<dt class='gallery-icon landscape'>\n\t\t\t\t<a href='https:\/\/smppolesine.provincia.rovigo.it\/wp-content\/uploads\/2024\/07\/DSC_3859_phVZ.jpeg'><img loading=\"lazy\" decoding=\"async\" width=\"150\" height=\"150\" src=\"https:\/\/smppolesine.provincia.rovigo.it\/wp-content\/uploads\/2024\/07\/DSC_3859_phVZ-150x150.jpeg\" class=\"attachment-thumbnail size-thumbnail\" alt=\"\" \/><\/a>\n\t\t\t<\/dt><\/dl><dl class='gallery-item'>\n\t\t\t<dt class='gallery-icon landscape'>\n\t\t\t\t<a href='https:\/\/smppolesine.provincia.rovigo.it\/wp-content\/uploads\/2025\/07\/FRONTE_DSC_3701_phVZ-scaled.jpg'><img loading=\"lazy\" decoding=\"async\" width=\"150\" height=\"150\" src=\"https:\/\/smppolesine.provincia.rovigo.it\/wp-content\/uploads\/2025\/07\/FRONTE_DSC_3701_phVZ-150x150.jpg\" class=\"attachment-thumbnail size-thumbnail\" alt=\"\" \/><\/a>\n\t\t\t<\/dt><\/dl><dl class='gallery-item'>\n\t\t\t<dt class='gallery-icon landscape'>\n\t\t\t\t<a href='https:\/\/smppolesine.provincia.rovigo.it\/wp-content\/uploads\/2024\/07\/Api.jpeg'><img loading=\"lazy\" decoding=\"async\" width=\"150\" height=\"150\" src=\"https:\/\/smppolesine.provincia.rovigo.it\/wp-content\/uploads\/2024\/07\/Api-150x150.jpeg\" class=\"attachment-thumbnail size-thumbnail\" alt=\"Museo delle Api centro di apicoltura di Ca\u2019 Cappellino di Porto Viro\" \/><\/a>\n\t\t\t<\/dt><\/dl><br style=\"clear: both\" \/>\n\t\t<\/div>\n\n<p style=\"text-align: right;\"><span><a href=\"https:\/\/smppolesine.provincia.rovigo.it\/index.php\/project\/museo-delle-api-centro-di-apicoltura-di-ca-cappellino-di-porto-viro\/\" title=\"Museo delle Api Centro di Apicoltura di Ca' Cappellino di Porto Viro\">Esplora \u00bb<\/a><br \/><\/span><\/p>\n<p>[\/et_pb_toggle][et_pb_toggle title=&#8221;Museo dei Grandi Fiumi di Rovigo&#8221; admin_label=&#8221;Museo dei Grandi Fiumi di Rovigo&#8221; module_id=&#8221;grandi-fiumi&#8221; _builder_version=&#8221;4.27.4&#8243; _module_preset=&#8221;36baa84b-09ef-4767-8f41-a296e715da11&#8243; custom_margin=&#8221;||0px||false|false&#8221; border_width_left=&#8221;10px&#8221; locked=&#8221;off&#8221; global_colors_info=&#8221;{%22gcid-secondary-color%22:%91%22open_icon_color%22%93}&#8221;]<\/p>\n<p>Nel complesso architettonico dell&#8217;antico monastero olivetano di San Bartolomeo, il museo ripercorre ben 3.500 anni di storia a partire dall&#8217;Et\u00e0 del Bronzo.\u00a0<\/p>\n\n\t\t<style type=\"text\/css\">\n\t\t\t#gallery-19 {\n\t\t\t\tmargin: auto;\n\t\t\t}\n\t\t\t#gallery-19 .gallery-item {\n\t\t\t\tfloat: left;\n\t\t\t\tmargin-top: 10px;\n\t\t\t\ttext-align: center;\n\t\t\t\twidth: 33%;\n\t\t\t}\n\t\t\t#gallery-19 img {\n\t\t\t\tborder: 2px solid #cfcfcf;\n\t\t\t}\n\t\t\t#gallery-19 .gallery-caption {\n\t\t\t\tmargin-left: 0;\n\t\t\t}\n\t\t\t\/* see gallery_shortcode() in wp-includes\/media.php *\/\n\t\t<\/style>\n\t\t<div id='gallery-19' class='gallery galleryid-1327 gallery-columns-3 gallery-size-thumbnail'><dl class='gallery-item'>\n\t\t\t<dt class='gallery-icon landscape'>\n\t\t\t\t<a href='https:\/\/smppolesine.provincia.rovigo.it\/wp-content\/uploads\/2024\/07\/Museo_grandi_fiumi.jpeg'><img loading=\"lazy\" decoding=\"async\" width=\"150\" height=\"150\" src=\"https:\/\/smppolesine.provincia.rovigo.it\/wp-content\/uploads\/2024\/07\/Museo_grandi_fiumi-150x150.jpeg\" class=\"attachment-thumbnail size-thumbnail\" alt=\"Museo dei Grandi Fiumi di Rovigo\" \/><\/a>\n\t\t\t<\/dt><\/dl><dl class='gallery-item'>\n\t\t\t<dt class='gallery-icon landscape'>\n\t\t\t\t<a href='https:\/\/smppolesine.provincia.rovigo.it\/wp-content\/uploads\/2024\/07\/romana7.jpeg'><img loading=\"lazy\" decoding=\"async\" width=\"150\" height=\"150\" src=\"https:\/\/smppolesine.provincia.rovigo.it\/wp-content\/uploads\/2024\/07\/romana7-150x150.jpeg\" class=\"attachment-thumbnail size-thumbnail\" alt=\"\" \/><\/a>\n\t\t\t<\/dt><\/dl><dl class='gallery-item'>\n\t\t\t<dt class='gallery-icon landscape'>\n\t\t\t\t<a href='https:\/\/smppolesine.provincia.rovigo.it\/wp-content\/uploads\/2025\/07\/FRONTE_Grandi-Fiumi-Memory-2-scaled.jpg'><img loading=\"lazy\" decoding=\"async\" width=\"150\" height=\"150\" src=\"https:\/\/smppolesine.provincia.rovigo.it\/wp-content\/uploads\/2025\/07\/FRONTE_Grandi-Fiumi-Memory-2-150x150.jpg\" class=\"attachment-thumbnail size-thumbnail\" alt=\"\" \/><\/a>\n\t\t\t<\/dt><\/dl><br style=\"clear: both\" \/>\n\t\t<\/div>\n\n<p style=\"text-align: right;\"><a href=\"https:\/\/smppolesine.provincia.rovigo.it\/index.php\/project\/museo-dei-grandi-fiumi\/\" title=\"Museo dei Grandi Fiumi di Rovigo\">Esplora \u00bb<\/a><\/p>\n<p>[\/et_pb_toggle][et_pb_toggle title=&#8221;Pinacoteca dell&#8217;Accademia dei Concordi e del Seminario Vescovile di Rovigo&#8221; open_toggle_background_color=&#8221;#FFFFFF&#8221; closed_toggle_background_color=&#8221;#FFFFFF&#8221; admin_label=&#8221;Pinacoteca dell&#8217;Accademia dei Concordi e del Seminario Vescovile di Rovigo&#8221; module_id=&#8221;pinacoteca-concordi&#8221; _builder_version=&#8221;4.27.4&#8243; _module_preset=&#8221;36baa84b-09ef-4767-8f41-a296e715da11&#8243; custom_margin=&#8221;||0px||false|false&#8221; custom_margin_tablet=&#8221;&#8221; custom_margin_phone=&#8221;|0px||0px|false|false&#8221; custom_margin_last_edited=&#8221;on|desktop&#8221; border_width_left=&#8221;10px&#8221; locked=&#8221;off&#8221; global_colors_info=&#8221;{%22gcid-secondary-color%22:%91%22open_icon_color%22%93}&#8221;]<\/p>\n<p>La pinacoteca espone capolavori di ben quattro secoli. Un viaggio affascinante e ricco di suggestioni alla scoperta di alcuni dei momenti in cui l\u2019arte italiana ha raggiunto la sua massima bellezza.<\/p>\n\n\t\t<style type=\"text\/css\">\n\t\t\t#gallery-20 {\n\t\t\t\tmargin: auto;\n\t\t\t}\n\t\t\t#gallery-20 .gallery-item {\n\t\t\t\tfloat: left;\n\t\t\t\tmargin-top: 10px;\n\t\t\t\ttext-align: center;\n\t\t\t\twidth: 33%;\n\t\t\t}\n\t\t\t#gallery-20 img {\n\t\t\t\tborder: 2px solid #cfcfcf;\n\t\t\t}\n\t\t\t#gallery-20 .gallery-caption {\n\t\t\t\tmargin-left: 0;\n\t\t\t}\n\t\t\t\/* see gallery_shortcode() in wp-includes\/media.php *\/\n\t\t<\/style>\n\t\t<div id='gallery-20' class='gallery galleryid-1327 gallery-columns-3 gallery-size-thumbnail'><dl class='gallery-item'>\n\t\t\t<dt class='gallery-icon landscape'>\n\t\t\t\t<a href='https:\/\/smppolesine.provincia.rovigo.it\/wp-content\/uploads\/2024\/07\/DSC_8031_phVZ.jpeg'><img loading=\"lazy\" decoding=\"async\" width=\"150\" height=\"150\" src=\"https:\/\/smppolesine.provincia.rovigo.it\/wp-content\/uploads\/2024\/07\/DSC_8031_phVZ-150x150.jpeg\" class=\"attachment-thumbnail size-thumbnail\" alt=\"\" \/><\/a>\n\t\t\t<\/dt><\/dl><dl class='gallery-item'>\n\t\t\t<dt class='gallery-icon landscape'>\n\t\t\t\t<a href='https:\/\/smppolesine.provincia.rovigo.it\/wp-content\/uploads\/2024\/07\/Pinacoteca.jpeg'><img loading=\"lazy\" decoding=\"async\" width=\"150\" height=\"150\" src=\"https:\/\/smppolesine.provincia.rovigo.it\/wp-content\/uploads\/2024\/07\/Pinacoteca-150x150.jpeg\" class=\"attachment-thumbnail size-thumbnail\" alt=\"Pinacoteca dell\u2019Accademia dei Concordi e del Seminario Vescovile di Rovigo\" \/><\/a>\n\t\t\t<\/dt><\/dl><dl class='gallery-item'>\n\t\t\t<dt class='gallery-icon landscape'>\n\t\t\t\t<a href='https:\/\/smppolesine.provincia.rovigo.it\/wp-content\/uploads\/2024\/07\/Palazzo_Roverella_Rovigo_phVZ-1.jpeg'><img loading=\"lazy\" decoding=\"async\" width=\"150\" height=\"150\" src=\"https:\/\/smppolesine.provincia.rovigo.it\/wp-content\/uploads\/2024\/07\/Palazzo_Roverella_Rovigo_phVZ-1-150x150.jpeg\" class=\"attachment-thumbnail size-thumbnail\" alt=\"\" \/><\/a>\n\t\t\t<\/dt><\/dl><br style=\"clear: both\" \/>\n\t\t<\/div>\n\n<p style=\"text-align: right;\"><span><a href=\"https:\/\/smppolesine.provincia.rovigo.it\/index.php\/project\/pinacoteca-dellaccademia-dei-concordi-e-del-seminario-vescovile-di-rovigo\/\" title=\"Pinacoteca dell'Accademia dei Concordi e del Seminario Vescovile di Rovigo\">Esplora \u00bb<\/a><br \/><\/span><\/p>\n<p>[\/et_pb_toggle][et_pb_toggle title=&#8221;Museo Regionale della Bonifica Ca&#8217; Vendramin di Taglio di Po&#8221; admin_label=&#8221;Museo Regionale della Bonifica Ca&#8217; Vendramin di Taglio di Po&#8221; module_id=&#8221; bonifica&#8221; _builder_version=&#8221;4.27.4&#8243; _module_preset=&#8221;36baa84b-09ef-4767-8f41-a296e715da11&#8243; custom_margin=&#8221;||0px||false|false&#8221; border_width_left=&#8221;10px&#8221; locked=&#8221;off&#8221; global_colors_info=&#8221;{%22gcid-secondary-color%22:%91%22open_icon_color%22%93}&#8221;]<\/p>\n<p>Nell&#8217;ex impianto idrovoro di Ca&#8217; Vendramin, dismesso verso la fine degli anni &#8217;60 del Novecento, si tramanda la storia delle attivit\u00e0 di bonifica che hanno consentito lo sviluppo economico del Delta del Po.<\/p>\n\n\t\t<style type=\"text\/css\">\n\t\t\t#gallery-21 {\n\t\t\t\tmargin: auto;\n\t\t\t}\n\t\t\t#gallery-21 .gallery-item {\n\t\t\t\tfloat: left;\n\t\t\t\tmargin-top: 10px;\n\t\t\t\ttext-align: center;\n\t\t\t\twidth: 33%;\n\t\t\t}\n\t\t\t#gallery-21 img {\n\t\t\t\tborder: 2px solid #cfcfcf;\n\t\t\t}\n\t\t\t#gallery-21 .gallery-caption {\n\t\t\t\tmargin-left: 0;\n\t\t\t}\n\t\t\t\/* see gallery_shortcode() in wp-includes\/media.php *\/\n\t\t<\/style>\n\t\t<div id='gallery-21' class='gallery galleryid-1327 gallery-columns-3 gallery-size-thumbnail'><dl class='gallery-item'>\n\t\t\t<dt class='gallery-icon landscape'>\n\t\t\t\t<a href='https:\/\/smppolesine.provincia.rovigo.it\/wp-content\/uploads\/2024\/07\/21515754713_39fd3c85af_o.jpeg'><img loading=\"lazy\" decoding=\"async\" width=\"150\" height=\"150\" src=\"https:\/\/smppolesine.provincia.rovigo.it\/wp-content\/uploads\/2024\/07\/21515754713_39fd3c85af_o-150x150.jpeg\" class=\"attachment-thumbnail size-thumbnail\" alt=\"\" \/><\/a>\n\t\t\t<\/dt><\/dl><dl class='gallery-item'>\n\t\t\t<dt class='gallery-icon landscape'>\n\t\t\t\t<a href='https:\/\/smppolesine.provincia.rovigo.it\/wp-content\/uploads\/2024\/07\/DSC_5525_phVZ.jpeg'><img loading=\"lazy\" decoding=\"async\" width=\"150\" height=\"150\" src=\"https:\/\/smppolesine.provincia.rovigo.it\/wp-content\/uploads\/2024\/07\/DSC_5525_phVZ-150x150.jpeg\" class=\"attachment-thumbnail size-thumbnail\" alt=\"\" \/><\/a>\n\t\t\t<\/dt><\/dl><dl class='gallery-item'>\n\t\t\t<dt class='gallery-icon landscape'>\n\t\t\t\t<a href='https:\/\/smppolesine.provincia.rovigo.it\/wp-content\/uploads\/2025\/07\/musst_ariano_ca_vendramin_mf-25-scaled.jpg'><img loading=\"lazy\" decoding=\"async\" width=\"150\" height=\"150\" src=\"https:\/\/smppolesine.provincia.rovigo.it\/wp-content\/uploads\/2025\/07\/musst_ariano_ca_vendramin_mf-25-150x150.jpg\" class=\"attachment-thumbnail size-thumbnail\" alt=\"\" \/><\/a>\n\t\t\t<\/dt><\/dl><br style=\"clear: both\" \/>\n\t\t<\/div>\n\n<p style=\"text-align: right;\"><a href=\"https:\/\/smppolesine.provincia.rovigo.it\/index.php\/project\/museo-regionale-della-bonifica-ca-vendramin-di-taglio-di-po\/\" title=\"Museo Regionale della Bonifica Ca' Vendramin di Taglio di Po\">Esplora \u00bb<\/a><\/p>\n<p>[\/et_pb_toggle][et_pb_toggle title=&#8221;Museo archeologico della Centuriazione Romana di Villadose&#8221; open_toggle_background_color=&#8221;#FFFFFF&#8221; closed_toggle_background_color=&#8221;#FFFFFF&#8221; admin_label=&#8221;Museo Archeologico della Centuriazione Romana di Villadose&#8221; module_id=&#8221;romana-villadose&#8221; _builder_version=&#8221;4.27.4&#8243; _module_preset=&#8221;36baa84b-09ef-4767-8f41-a296e715da11&#8243; custom_margin=&#8221;||0px||false|false&#8221; custom_margin_tablet=&#8221;&#8221; custom_margin_phone=&#8221;|0px||0px|false|false&#8221; custom_margin_last_edited=&#8221;on|desktop&#8221; border_width_left=&#8221;10px&#8221; locked=&#8221;off&#8221; global_colors_info=&#8221;{%22gcid-secondary-color%22:%91%22open_icon_color%22%93}&#8221;]<\/p>\n<p>La mostra conserva circa 400 reperti raccolti in superficie nell\u2019area della grande centuriazione che si estendeva tra Adria e Villadose.<\/p>\n\n\t\t<style type=\"text\/css\">\n\t\t\t#gallery-22 {\n\t\t\t\tmargin: auto;\n\t\t\t}\n\t\t\t#gallery-22 .gallery-item {\n\t\t\t\tfloat: left;\n\t\t\t\tmargin-top: 10px;\n\t\t\t\ttext-align: center;\n\t\t\t\twidth: 33%;\n\t\t\t}\n\t\t\t#gallery-22 img {\n\t\t\t\tborder: 2px solid #cfcfcf;\n\t\t\t}\n\t\t\t#gallery-22 .gallery-caption {\n\t\t\t\tmargin-left: 0;\n\t\t\t}\n\t\t\t\/* see gallery_shortcode() in wp-includes\/media.php *\/\n\t\t<\/style>\n\t\t<div id='gallery-22' class='gallery galleryid-1327 gallery-columns-3 gallery-size-thumbnail'><dl class='gallery-item'>\n\t\t\t<dt class='gallery-icon landscape'>\n\t\t\t\t<a href='https:\/\/smppolesine.provincia.rovigo.it\/wp-content\/uploads\/2025\/07\/progetto-musst-museo-centuriazione-romana-villadose-1-scaled.jpg'><img loading=\"lazy\" decoding=\"async\" width=\"150\" height=\"150\" src=\"https:\/\/smppolesine.provincia.rovigo.it\/wp-content\/uploads\/2025\/07\/progetto-musst-museo-centuriazione-romana-villadose-1-150x150.jpg\" class=\"attachment-thumbnail size-thumbnail\" alt=\"\" \/><\/a>\n\t\t\t<\/dt><\/dl><dl class='gallery-item'>\n\t\t\t<dt class='gallery-icon landscape'>\n\t\t\t\t<a href='https:\/\/smppolesine.provincia.rovigo.it\/wp-content\/uploads\/2025\/07\/RETRO_progetto-musst-museo-centuriazione-romana-villadose-55-scaled.jpg'><img loading=\"lazy\" decoding=\"async\" width=\"150\" height=\"150\" src=\"https:\/\/smppolesine.provincia.rovigo.it\/wp-content\/uploads\/2025\/07\/RETRO_progetto-musst-museo-centuriazione-romana-villadose-55-150x150.jpg\" class=\"attachment-thumbnail size-thumbnail\" alt=\"\" \/><\/a>\n\t\t\t<\/dt><\/dl><dl class='gallery-item'>\n\t\t\t<dt class='gallery-icon landscape'>\n\t\t\t\t<a href='https:\/\/smppolesine.provincia.rovigo.it\/wp-content\/uploads\/2025\/07\/RETRO_musst-villadose-museo-centuriazione-fm-3-scaled.jpg'><img loading=\"lazy\" decoding=\"async\" width=\"150\" height=\"150\" src=\"https:\/\/smppolesine.provincia.rovigo.it\/wp-content\/uploads\/2025\/07\/RETRO_musst-villadose-museo-centuriazione-fm-3-150x150.jpg\" class=\"attachment-thumbnail size-thumbnail\" alt=\"\" \/><\/a>\n\t\t\t<\/dt><\/dl><br style=\"clear: both\" \/>\n\t\t<\/div>\n\n<p style=\"text-align: right;\"><span><a href=\"https:\/\/smppolesine.provincia.rovigo.it\/index.php\/project\/museo-archeologico-della-centuriazione-romana-di-villadose\/\" title=\"Museo archeologico della Centuriazione Romana di Villadose\">Esplora \u00bb<\/a><a href=\"#museum-list\"><\/a><br \/><\/span><\/p>\n<p>[\/et_pb_toggle][et_pb_toggle title=&#8221;Museo Diocesano della Cattedrale di Adria&#8221; admin_label=&#8221;Museo Regionale della Bonifica Ca&#8217; Vendramin di Taglio di Po&#8221; module_id=&#8221; bonifica&#8221; _builder_version=&#8221;4.27.4&#8243; _module_preset=&#8221;36baa84b-09ef-4767-8f41-a296e715da11&#8243; custom_margin=&#8221;||0px||false|false&#8221; border_width_left=&#8221;10px&#8221; locked=&#8221;off&#8221; global_colors_info=&#8221;{%22gcid-secondary-color%22:%91%22open_icon_color%22%93}&#8221;]<\/p>\n<p data-pm-slice=\"1 1 []\">Il Museo Diocesano della Cattedrale di Adria nasce dal preesistente Museo della Cattedrale e testimonia 2000 anni di fede vissuti in Polesine.<\/p>\n\n\t\t<style type=\"text\/css\">\n\t\t\t#gallery-23 {\n\t\t\t\tmargin: auto;\n\t\t\t}\n\t\t\t#gallery-23 .gallery-item {\n\t\t\t\tfloat: left;\n\t\t\t\tmargin-top: 10px;\n\t\t\t\ttext-align: center;\n\t\t\t\twidth: 33%;\n\t\t\t}\n\t\t\t#gallery-23 img {\n\t\t\t\tborder: 2px solid #cfcfcf;\n\t\t\t}\n\t\t\t#gallery-23 .gallery-caption {\n\t\t\t\tmargin-left: 0;\n\t\t\t}\n\t\t\t\/* see gallery_shortcode() in wp-includes\/media.php *\/\n\t\t<\/style>\n\t\t<div id='gallery-23' class='gallery galleryid-1327 gallery-columns-3 gallery-size-thumbnail'><dl class='gallery-item'>\n\t\t\t<dt class='gallery-icon portrait'>\n\t\t\t\t<a href='https:\/\/smppolesine.provincia.rovigo.it\/wp-content\/uploads\/2025\/07\/FRONTE_IMG_9104-scaled.jpg'><img loading=\"lazy\" decoding=\"async\" width=\"150\" height=\"150\" src=\"https:\/\/smppolesine.provincia.rovigo.it\/wp-content\/uploads\/2025\/07\/FRONTE_IMG_9104-150x150.jpg\" class=\"attachment-thumbnail size-thumbnail\" alt=\"\" \/><\/a>\n\t\t\t<\/dt><\/dl><dl class='gallery-item'>\n\t\t\t<dt class='gallery-icon landscape'>\n\t\t\t\t<a href='https:\/\/smppolesine.provincia.rovigo.it\/wp-content\/uploads\/2025\/07\/RETRO_IMG_1804-scaled.jpg'><img loading=\"lazy\" decoding=\"async\" width=\"150\" height=\"150\" src=\"https:\/\/smppolesine.provincia.rovigo.it\/wp-content\/uploads\/2025\/07\/RETRO_IMG_1804-150x150.jpg\" class=\"attachment-thumbnail size-thumbnail\" alt=\"\" \/><\/a>\n\t\t\t<\/dt><\/dl><dl class='gallery-item'>\n\t\t\t<dt class='gallery-icon portrait'>\n\t\t\t\t<a href='https:\/\/smppolesine.provincia.rovigo.it\/wp-content\/uploads\/2024\/12\/02_ADRIA_Museo-Diocesano-della-Cattedrale-di-Adria-scaled.jpg'><img loading=\"lazy\" decoding=\"async\" width=\"150\" height=\"150\" src=\"https:\/\/smppolesine.provincia.rovigo.it\/wp-content\/uploads\/2024\/12\/02_ADRIA_Museo-Diocesano-della-Cattedrale-di-Adria-150x150.jpg\" class=\"attachment-thumbnail size-thumbnail\" alt=\"\" \/><\/a>\n\t\t\t<\/dt><\/dl><br style=\"clear: both\" \/>\n\t\t<\/div>\n\n<p style=\"text-align: right;\"><a href=\"https:\/\/smppolesine.provincia.rovigo.it\/index.php\/project\/museo-diocesano-della-cattedrale-di-adria\/\" title=\"Museo Diocesano della Cattedrale di Adria\">Esplora \u00bb<\/a><\/p>\n<p>[\/et_pb_toggle][et_pb_toggle title=&#8221;Museo di Lusia &#8211; Memorie di guerra e di vita quotidiana&#8221; closed_toggle_background_color=&#8221;#FFFFFF&#8221; icon_color=&#8221;#651906&#8243; open_icon_color=&#8221;#651906&#8243; admin_label=&#8221;Museo Regionale della Bonifica Ca&#8217; Vendramin di Taglio di Po&#8221; module_id=&#8221; bonifica&#8221; _builder_version=&#8221;4.27.4&#8243; _module_preset=&#8221;36baa84b-09ef-4767-8f41-a296e715da11&#8243; background_color=&#8221;#FFFFFF&#8221; background_enable_color=&#8221;on&#8221; custom_margin=&#8221;||0px||false|false&#8221; hover_enabled=&#8221;0&#8243; border_width_left=&#8221;10px&#8221; locked=&#8221;off&#8221; global_colors_info=&#8221;{}&#8221; sticky_enabled=&#8221;0&#8243;]<\/p>\n<p data-pm-slice=\"1 1 []\">E&#8217; un centro di documentazione storica che racconta il vissuto della comunit\u00e0 polesana negli anni pi\u00f9 drammatici del Novecento, quelli del periodo bellico culminato nel bombardamento di Lusia del 20 aprile 1945.<\/p>\n\n\t\t<style type=\"text\/css\">\n\t\t\t#gallery-24 {\n\t\t\t\tmargin: auto;\n\t\t\t}\n\t\t\t#gallery-24 .gallery-item {\n\t\t\t\tfloat: left;\n\t\t\t\tmargin-top: 10px;\n\t\t\t\ttext-align: center;\n\t\t\t\twidth: 33%;\n\t\t\t}\n\t\t\t#gallery-24 img {\n\t\t\t\tborder: 2px solid #cfcfcf;\n\t\t\t}\n\t\t\t#gallery-24 .gallery-caption {\n\t\t\t\tmargin-left: 0;\n\t\t\t}\n\t\t\t\/* see gallery_shortcode() in wp-includes\/media.php *\/\n\t\t<\/style>\n\t\t<div id='gallery-24' class='gallery galleryid-1327 gallery-columns-3 gallery-size-thumbnail'><dl class='gallery-item'>\n\t\t\t<dt class='gallery-icon landscape'>\n\t\t\t\t<a href='https:\/\/smppolesine.provincia.rovigo.it\/wp-content\/uploads\/2025\/11\/Museo-di-Lusia-Memorie-di-guerra-e-di-vita-quotiziana-8-scaled.jpg'><img loading=\"lazy\" decoding=\"async\" width=\"150\" height=\"150\" src=\"https:\/\/smppolesine.provincia.rovigo.it\/wp-content\/uploads\/2025\/11\/Museo-di-Lusia-Memorie-di-guerra-e-di-vita-quotiziana-8-150x150.jpg\" class=\"attachment-thumbnail size-thumbnail\" alt=\"\" \/><\/a>\n\t\t\t<\/dt><\/dl><dl class='gallery-item'>\n\t\t\t<dt class='gallery-icon landscape'>\n\t\t\t\t<a href='https:\/\/smppolesine.provincia.rovigo.it\/wp-content\/uploads\/2025\/11\/Museo-di-Lusia-Memorie-di-guerra-e-di-vita-quotiziana-13-scaled.jpg'><img loading=\"lazy\" decoding=\"async\" width=\"150\" height=\"150\" src=\"https:\/\/smppolesine.provincia.rovigo.it\/wp-content\/uploads\/2025\/11\/Museo-di-Lusia-Memorie-di-guerra-e-di-vita-quotiziana-13-150x150.jpg\" class=\"attachment-thumbnail size-thumbnail\" alt=\"\" \/><\/a>\n\t\t\t<\/dt><\/dl><dl class='gallery-item'>\n\t\t\t<dt class='gallery-icon landscape'>\n\t\t\t\t<a href='https:\/\/smppolesine.provincia.rovigo.it\/wp-content\/uploads\/2025\/11\/Museo-di-Lusia-Memorie-di-guerra-e-di-vita-quotiziana-4-scaled.jpg'><img loading=\"lazy\" decoding=\"async\" width=\"150\" height=\"150\" src=\"https:\/\/smppolesine.provincia.rovigo.it\/wp-content\/uploads\/2025\/11\/Museo-di-Lusia-Memorie-di-guerra-e-di-vita-quotiziana-4-150x150.jpg\" class=\"attachment-thumbnail size-thumbnail\" alt=\"\" \/><\/a>\n\t\t\t<\/dt><\/dl><br style=\"clear: both\" \/>\n\t\t<\/div>\n\n<p style=\"text-align: right;\"><a href=\"https:\/\/smppolesine.provincia.rovigo.it\/index.php\/project\/museo-di-lusia-memorie-di-guerra-e-di-vita-quotidiana\/\">Esplora \u00bb<\/a><\/p>\n<p>[\/et_pb_toggle][\/et_pb_column][\/et_pb_row][\/et_pb_section][et_pb_section fb_built=&#8221;1&#8243; admin_label=&#8221;Museum by cities&#8221; module_class=&#8221;mtc_element mtc_element_3&#8243; _builder_version=&#8221;4.27.3&#8243; background_enable_mask_style=&#8221;on&#8221; background_mask_style=&#8221;bean&#8221; background_mask_color=&#8221;gcid-a4444f1a-cb4a-4bc8-8aa5-cc8185b0f72f&#8221; background_mask_size=&#8221;cover&#8221; background_mask_position=&#8221;bottom_center&#8221; custom_margin=&#8221;0px||0px||false|false&#8221; custom_padding=&#8221;60px|0|60px|0px|false|false&#8221; locked=&#8221;off&#8221; collapsed=&#8221;off&#8221; global_colors_info=&#8221;{%22gcid-a4444f1a-cb4a-4bc8-8aa5-cc8185b0f72f%22:%91%22background_mask_color%22%93}&#8221;][et_pb_row _builder_version=&#8221;4.27.3&#8243; _module_preset=&#8221;default&#8221; background_enable_color=&#8221;off&#8221; custom_margin=&#8221;0px||40px||false|false&#8221; border_radii=&#8221;on|0px|0px|0px|0px&#8221; box_shadow_style=&#8221;none&#8221; global_colors_info=&#8221;{}&#8221;][et_pb_column type=&#8221;4_4&#8243; _builder_version=&#8221;4.27.3&#8243; _module_preset=&#8221;default&#8221; global_colors_info=&#8221;{}&#8221;][et_pb_text _builder_version=&#8221;4.27.3&#8243; text_font=&#8221;||||||||&#8221; header_font=&#8221;Frank Ruhl Libre|700|||||||&#8221; header_text_align=&#8221;center&#8221; header_text_color=&#8221;gcid-primary-color&#8221; header_font_size=&#8221;54px&#8221; module_alignment=&#8221;center&#8221; custom_margin=&#8221;0px||0px||true|false&#8221; custom_padding=&#8221;0px||0px||true|false&#8221; header_font_size_tablet=&#8221;40px&#8221; header_font_size_phone=&#8221;28px&#8221; header_font_size_last_edited=&#8221;on|phone&#8221; global_colors_info=&#8221;{%22gcid-primary-color%22:%91%22header_text_color%22%93}&#8221;]<\/p>\n<h1><span>Musei per Citt\u00e0<\/span><\/h1>\n<p>[\/et_pb_text][et_pb_divider divider_weight=&#8221;8px&#8221; _builder_version=&#8221;4.27.3&#8243; _module_preset=&#8221;default&#8221; width=&#8221;10%&#8221; module_alignment=&#8221;center&#8221; custom_margin=&#8221;0px||0px||false|false&#8221; custom_padding=&#8221;0px||0px||false|false&#8221; global_colors_info=&#8221;{}&#8221;][\/et_pb_divider][\/et_pb_column][\/et_pb_row][et_pb_row gutter_width=&#8221;2&#8243; _builder_version=&#8221;4.27.3&#8243; background_enable_color=&#8221;off&#8221; custom_padding=&#8221;1px||0px||false|false&#8221; animation_style=&#8221;slide&#8221; animation_direction=&#8221;top&#8221; animation_duration=&#8221;1200ms&#8221; animation_intensity_slide=&#8221;5%&#8221; animation_starting_opacity=&#8221;5%&#8221; border_radii=&#8221;on|0px|0px|0px|0px&#8221; box_shadow_style=&#8221;none&#8221; global_colors_info=&#8221;{}&#8221;][et_pb_column type=&#8221;4_4&#8243; _builder_version=&#8221;4.27.3&#8243; custom_padding=&#8221;0px||0px||true|false&#8221; global_colors_info=&#8221;{}&#8221; custom_padding__hover=&#8221;|||&#8221;][et_pb_filterable_portfolio fullwidth=&#8221;off&#8221; posts_number=&#8221;12&#8243; include_categories=&#8221;19,32,25,22,29,23,28,30,20,31,26,33,34,21,43,27,42,44,46,49&#8243; zoom_icon_color=&#8221;RGBA(255,255,255,0)&#8221; hover_overlay_color=&#8221;RGBA(255,255,255,0)&#8221; _builder_version=&#8221;4.27.4&#8243; _module_preset=&#8221;default&#8221; title_font=&#8221;||||||||&#8221; title_text_align=&#8221;center&#8221; title_font_size=&#8221;16px&#8221; title_line_height=&#8221;1.2em&#8221; filter_font=&#8221;||||||||&#8221; filter_font_size=&#8221;18px&#8221; caption_font=&#8221;|300|||||||&#8221; caption_text_align=&#8221;center&#8221; caption_line_height=&#8221;1.4em&#8221; custom_margin=&#8221;0px||0px||true|false&#8221; custom_padding=&#8221;0px|1px|0px|1px|true|true&#8221; child_filter_saturate=&#8221;0%&#8221; link_option_url_new_window=&#8221;on&#8221; title_font_size_tablet=&#8221;16px&#8221; title_font_size_phone=&#8221;14px&#8221; title_font_size_last_edited=&#8221;on|desktop&#8221; filter_font_size_tablet=&#8221;14px&#8221; filter_font_size_phone=&#8221;12px&#8221; filter_font_size_last_edited=&#8221;on|phone&#8221; caption_font_size_tablet=&#8221;14px&#8221; caption_font_size_phone=&#8221;13px&#8221; caption_font_size_last_edited=&#8221;on|phone&#8221; child_filter_brightness_last_edited=&#8221;off|desktop&#8221; border_radii_image=&#8221;on|3px|3px|3px|3px&#8221; box_shadow_style_image=&#8221;preset3&#8243; box_shadow_spread_image=&#8221;-11px&#8221; global_colors_info=&#8221;{%22gcid-primary-color%22:%91%22title_text_color__hover%22%93}&#8221; transform_styles__hover_enabled=&#8221;on|desktop&#8221; transform_scale__hover_enabled=&#8221;on|desktop&#8221; transform_translate__hover_enabled=&#8221;on|desktop&#8221; transform_rotate__hover_enabled=&#8221;on|desktop&#8221; transform_skew__hover_enabled=&#8221;on|desktop&#8221; transform_origin__hover_enabled=&#8221;on|desktop&#8221; title_text_color__hover_enabled=&#8221;on|desktop&#8221; title_text_color__hover=&#8221;#842c2b&#8221; child_filter_brightness__hover_enabled=&#8221;off|hover&#8221; child_filter_saturate__hover_enabled=&#8221;on|desktop&#8221; child_filter_saturate__hover=&#8221;100%&#8221;][\/et_pb_filterable_portfolio][\/et_pb_column][\/et_pb_row][\/et_pb_section][et_pb_section fb_built=&#8221;1&#8243; admin_label=&#8221;Museum by themes&#8221; module_class=&#8221;mtc_element mtc_element_4&#8243; _builder_version=&#8221;4.27.3&#8243; background_enable_mask_style=&#8221;on&#8221; background_mask_style=&#8221;bean&#8221; background_mask_color=&#8221;gcid-a4444f1a-cb4a-4bc8-8aa5-cc8185b0f72f&#8221; background_mask_size=&#8221;cover&#8221; background_mask_position=&#8221;bottom_center&#8221; custom_margin=&#8221;0px||0px||false|false&#8221; custom_padding=&#8221;60px|0|60px|0px|false|false&#8221; locked=&#8221;off&#8221; collapsed=&#8221;off&#8221; global_colors_info=&#8221;{%22gcid-a4444f1a-cb4a-4bc8-8aa5-cc8185b0f72f%22:%91%22background_mask_color%22%93}&#8221;][et_pb_row _builder_version=&#8221;4.27.3&#8243; _module_preset=&#8221;default&#8221; background_enable_color=&#8221;off&#8221; custom_margin=&#8221;0px||40px||false|false&#8221; border_radii=&#8221;on|0px|0px|0px|0px&#8221; box_shadow_style=&#8221;none&#8221; global_colors_info=&#8221;{}&#8221;][et_pb_column type=&#8221;4_4&#8243; _builder_version=&#8221;4.27.3&#8243; _module_preset=&#8221;default&#8221; global_colors_info=&#8221;{}&#8221;][et_pb_text _builder_version=&#8221;4.27.3&#8243; text_font=&#8221;||||||||&#8221; header_font=&#8221;Frank Ruhl Libre|700|||||||&#8221; header_text_align=&#8221;center&#8221; header_text_color=&#8221;gcid-primary-color&#8221; header_font_size=&#8221;54px&#8221; module_alignment=&#8221;center&#8221; custom_margin=&#8221;0px||0px||true|false&#8221; custom_padding=&#8221;0px||0px||true|false&#8221; header_font_size_tablet=&#8221;40px&#8221; header_font_size_phone=&#8221;28px&#8221; header_font_size_last_edited=&#8221;on|phone&#8221; global_colors_info=&#8221;{%22gcid-primary-color%22:%91%22header_text_color%22%93}&#8221;]<\/p>\n<h1><span>Musei per Area Temica<\/span><\/h1>\n<p>[\/et_pb_text][et_pb_divider divider_weight=&#8221;8px&#8221; _builder_version=&#8221;4.27.3&#8243; _module_preset=&#8221;default&#8221; width=&#8221;10%&#8221; module_alignment=&#8221;center&#8221; custom_margin=&#8221;0px||0px||false|false&#8221; custom_padding=&#8221;0px||0px||false|false&#8221; global_colors_info=&#8221;{}&#8221;][\/et_pb_divider][\/et_pb_column][\/et_pb_row][et_pb_row gutter_width=&#8221;2&#8243; _builder_version=&#8221;4.27.3&#8243; background_enable_color=&#8221;off&#8221; custom_padding=&#8221;1px||0px||false|false&#8221; animation_style=&#8221;slide&#8221; animation_direction=&#8221;top&#8221; animation_duration=&#8221;1200ms&#8221; animation_intensity_slide=&#8221;5%&#8221; animation_starting_opacity=&#8221;5%&#8221; border_radii=&#8221;on|0px|0px|0px|0px&#8221; box_shadow_style=&#8221;none&#8221; global_colors_info=&#8221;{}&#8221;][et_pb_column type=&#8221;4_4&#8243; _builder_version=&#8221;4.27.3&#8243; custom_padding=&#8221;0px||0px||true|false&#8221; global_colors_info=&#8221;{}&#8221; custom_padding__hover=&#8221;|||&#8221;][et_pb_filterable_portfolio fullwidth=&#8221;off&#8221; posts_number=&#8221;12&#8243; include_categories=&#8221;40,35,36,37,41,39,38&#8243; zoom_icon_color=&#8221;RGBA(255,255,255,0)&#8221; hover_overlay_color=&#8221;RGBA(255,255,255,0)&#8221; _builder_version=&#8221;4.27.3&#8243; _module_preset=&#8221;default&#8221; title_font=&#8221;||||||||&#8221; title_text_align=&#8221;center&#8221; title_font_size=&#8221;16px&#8221; title_line_height=&#8221;1.2em&#8221; filter_font=&#8221;||||||||&#8221; filter_font_size=&#8221;18px&#8221; caption_font=&#8221;|300|||||||&#8221; caption_text_align=&#8221;center&#8221; caption_line_height=&#8221;1.4em&#8221; custom_margin=&#8221;0px||0px||true|false&#8221; custom_padding=&#8221;0px|1px|0px|1px|true|true&#8221; child_filter_saturate=&#8221;0%&#8221; link_option_url_new_window=&#8221;on&#8221; title_font_size_tablet=&#8221;16px&#8221; title_font_size_phone=&#8221;14px&#8221; title_font_size_last_edited=&#8221;on|desktop&#8221; filter_font_size_tablet=&#8221;14px&#8221; filter_font_size_phone=&#8221;12px&#8221; filter_font_size_last_edited=&#8221;on|phone&#8221; caption_font_size_tablet=&#8221;14px&#8221; caption_font_size_phone=&#8221;13px&#8221; caption_font_size_last_edited=&#8221;on|phone&#8221; child_filter_brightness_last_edited=&#8221;off|desktop&#8221; border_radii_image=&#8221;on|3px|3px|3px|3px&#8221; box_shadow_style_image=&#8221;preset3&#8243; box_shadow_spread_image=&#8221;-11px&#8221; locked=&#8221;off&#8221; global_colors_info=&#8221;{%22gcid-primary-color%22:%91%22title_text_color__hover%22%93}&#8221; transform_styles__hover_enabled=&#8221;on|desktop&#8221; transform_scale__hover_enabled=&#8221;on|desktop&#8221; transform_translate__hover_enabled=&#8221;on|desktop&#8221; transform_rotate__hover_enabled=&#8221;on|desktop&#8221; transform_skew__hover_enabled=&#8221;on|desktop&#8221; transform_origin__hover_enabled=&#8221;on|desktop&#8221; title_text_color__hover_enabled=&#8221;on|desktop&#8221; title_text_color__hover=&#8221;#842c2b&#8221; child_filter_brightness__hover_enabled=&#8221;off|hover&#8221; child_filter_saturate__hover_enabled=&#8221;on|desktop&#8221; child_filter_saturate__hover=&#8221;100%&#8221;][\/et_pb_filterable_portfolio][\/et_pb_column][\/et_pb_row][\/et_pb_section][et_pb_section fb_built=&#8221;1&#8243; admin_label=&#8221;Museum map&#8221; module_class=&#8221;mtc_element mtc_element_2&#8243; _builder_version=&#8221;4.27.3&#8243; background_color=&#8221;gcid-a4444f1a-cb4a-4bc8-8aa5-cc8185b0f72f&#8221; custom_margin=&#8221;0px|0px|0px|0px|false|true&#8221; custom_padding=&#8221;60px|0px|60px|0px|false|true&#8221; collapsed=&#8221;on&#8221; global_colors_info=&#8221;{%22gcid-a4444f1a-cb4a-4bc8-8aa5-cc8185b0f72f%22:%91%22background_mask_color%22,%22background_color%22%93}&#8221;][et_pb_row _builder_version=&#8221;4.27.3&#8243; _module_preset=&#8221;default&#8221; background_enable_color=&#8221;off&#8221; custom_margin=&#8221;0px||40px||false|false&#8221; border_radii=&#8221;on|0px|0px|0px|0px&#8221; box_shadow_style=&#8221;none&#8221; global_colors_info=&#8221;{}&#8221;][et_pb_column type=&#8221;4_4&#8243; _builder_version=&#8221;4.27.3&#8243; _module_preset=&#8221;default&#8221; global_colors_info=&#8221;{}&#8221;][et_pb_text _builder_version=&#8221;4.27.3&#8243; text_font=&#8221;||||||||&#8221; header_font=&#8221;Frank Ruhl Libre|700|||||||&#8221; header_text_align=&#8221;center&#8221; header_text_color=&#8221;gcid-primary-color&#8221; header_font_size=&#8221;54px&#8221; module_alignment=&#8221;center&#8221; custom_margin=&#8221;0px||0px||true|false&#8221; custom_padding=&#8221;0px||0px||true|false&#8221; header_font_size_tablet=&#8221;40px&#8221; header_font_size_phone=&#8221;28px&#8221; header_font_size_last_edited=&#8221;on|phone&#8221; global_colors_info=&#8221;{%22gcid-primary-color%22:%91%22header_text_color%22%93}&#8221;]<\/p>\n<h1><span>Mappa dei Musei<\/span><\/h1>\n<p>[\/et_pb_text][et_pb_divider divider_weight=&#8221;8px&#8221; _builder_version=&#8221;4.27.3&#8243; _module_preset=&#8221;default&#8221; width=&#8221;10%&#8221; module_alignment=&#8221;center&#8221; custom_margin=&#8221;0px||0px||false|false&#8221; custom_padding=&#8221;0px||0px||false|false&#8221; global_colors_info=&#8221;{}&#8221;][\/et_pb_divider][\/et_pb_column][\/et_pb_row][et_pb_row use_custom_gutter=&#8221;off&#8221; make_equal=&#8221;off&#8221; _builder_version=&#8221;4.27.3&#8243; _module_preset=&#8221;default&#8221; background_enable_color=&#8221;off&#8221; width=&#8221;100%&#8221; width_tablet=&#8221;100%&#8221; width_phone=&#8221;100%&#8221; width_last_edited=&#8221;on|desktop&#8221; max_width=&#8221;2560px&#8221; module_alignment=&#8221;center&#8221; custom_margin=&#8221;0px|-116px|40px|-116px|false|true&#8221; custom_padding=&#8221;0px|0px|0px|0px|false|true&#8221; border_radii=&#8221;on|0px|0px|0px|0px&#8221; box_shadow_style=&#8221;none&#8221; global_colors_info=&#8221;{}&#8221;][et_pb_column type=&#8221;4_4&#8243; _builder_version=&#8221;4.27.3&#8243; _module_preset=&#8221;default&#8221; custom_padding=&#8221;0px|0px|0px|0px|true|false&#8221; global_colors_info=&#8221;{}&#8221;][et_pb_text _builder_version=&#8221;4.27.3&#8243; text_font=&#8221;||||||||&#8221; header_font=&#8221;Frank Ruhl Libre|700|||||||&#8221; header_text_align=&#8221;center&#8221; header_text_color=&#8221;gcid-primary-color&#8221; header_font_size=&#8221;54px&#8221; module_alignment=&#8221;center&#8221; custom_margin=&#8221;0px||0px||true|false&#8221; custom_padding=&#8221;0px||0px||true|false&#8221; header_font_size_tablet=&#8221;40px&#8221; header_font_size_phone=&#8221;28px&#8221; header_font_size_last_edited=&#8221;on|phone&#8221; global_colors_info=&#8221;{%22gcid-primary-color%22:%91%22header_text_color%22%93}&#8221;]<iframe loading=\"lazy\" src=\"https:\/\/www.google.com\/maps\/d\/embed?mid=1dQ7CwFSTAayEaz0qOC13c_-TVxfcTmQ&amp;ehbc=2E312F\" width=\"2560px\" height=\"700\"><\/iframe>[\/et_pb_text][\/et_pb_column][\/et_pb_row][\/et_pb_section]<\/p>\n","protected":false},"excerpt":{"rendered":"<p>I Musei del SMPPPollicinum | Museo PolesineClicca sui pulsanti per scegliere come visualizzare la lista dei musei.Elenco dei MuseiIl Museo, circondato da un ampio parco pubblico ad ingresso libero, ha come obiettivo la valorizzazione del patrimonio archeologico di Adria, il cui nome \u00e8 indissolubilmente legato al Mare Adriatico. \n\t\t<style type=\"text\/css\">\n\t\t\t#gallery-25 {\n\t\t\t\tmargin: auto;\n\t\t\t}\n\t\t\t#gallery-25 .gallery-item {\n\t\t\t\tfloat: left;\n\t\t\t\tmargin-top: 10px;\n\t\t\t\ttext-align: center;\n\t\t\t\twidth: 33%;\n\t\t\t}\n\t\t\t#gallery-25 img {\n\t\t\t\tborder: 2px solid #cfcfcf;\n\t\t\t}\n\t\t\t#gallery-25 .gallery-caption {\n\t\t\t\tmargin-left: 0;\n\t\t\t}\n\t\t\t\/* see gallery_shortcode() in wp-includes\/media.php *\/\n\t\t<\/style>\n\t\t<div id='gallery-25' class='gallery galleryid-1327 gallery-columns-3 gallery-size-thumbnail'><dl class='gallery-item'>\n\t\t\t<dt class='gallery-icon landscape'>\n\t\t\t\t<a href='https:\/\/smppolesine.provincia.rovigo.it\/wp-content\/uploads\/2024\/07\/sez-etrusca-est-1.jpeg'><img width=\"150\" height=\"150\" src=\"https:\/\/smppolesine.provincia.rovigo.it\/wp-content\/uploads\/2024\/07\/sez-etrusca-est-1-150x150.jpeg\" class=\"attachment-thumbnail size-thumbnail\" alt=\"\" decoding=\"async\" loading=\"lazy\" \/><\/a>\n\t\t\t<\/dt><\/dl><dl class='gallery-item'>\n\t\t\t<dt class='gallery-icon landscape'>\n\t\t\t\t<a href='https:\/\/smppolesine.provincia.rovigo.it\/wp-content\/uploads\/2024\/07\/Anfore.jpeg'><img width=\"150\" height=\"150\" src=\"https:\/\/smppolesine.provincia.rovigo.it\/wp-content\/uploads\/2024\/07\/Anfore-150x150.jpeg\" class=\"attachment-thumbnail size-thumbnail\" alt=\"\" decoding=\"async\" loading=\"lazy\" \/><\/a>\n\t\t\t<\/dt><\/dl><dl class='gallery-item'>\n\t\t\t<dt class='gallery-icon landscape'>\n\t\t\t\t<a href='https:\/\/smppolesine.provincia.rovigo.it\/wp-content\/uploads\/2025\/07\/musst_adria_museo_archeologico_mf-44-scaled.jpg'><img width=\"150\" height=\"150\" src=\"https:\/\/smppolesine.provincia.rovigo.it\/wp-content\/uploads\/2025\/07\/musst_adria_museo_archeologico_mf-44-150x150.jpg\" class=\"attachment-thumbnail size-thumbnail\" alt=\"\" decoding=\"async\" loading=\"lazy\" \/><\/a>\n\t\t\t<\/dt><\/dl><br style=\"clear: both\" \/>\n\t\t<\/div>\n Esplora \u00bbIl Septem M\u00e0ria [&hellip;]<\/p>\n","protected":false},"author":2,"featured_media":0,"parent":0,"menu_order":0,"comment_status":"closed","ping_status":"closed","template":"","meta":{"_et_pb_use_builder":"on","_et_pb_old_content":"","_et_gb_content_width":"","footnotes":""},"class_list":["post-1327","page","type-page","status-publish","hentry"],"_links":{"self":[{"href":"https:\/\/smppolesine.provincia.rovigo.it\/index.php\/wp-json\/wp\/v2\/pages\/1327","targetHints":{"allow":["GET"]}}],"collection":[{"href":"https:\/\/smppolesine.provincia.rovigo.it\/index.php\/wp-json\/wp\/v2\/pages"}],"about":[{"href":"https:\/\/smppolesine.provincia.rovigo.it\/index.php\/wp-json\/wp\/v2\/types\/page"}],"author":[{"embeddable":true,"href":"https:\/\/smppolesine.provincia.rovigo.it\/index.php\/wp-json\/wp\/v2\/users\/2"}],"replies":[{"embeddable":true,"href":"https:\/\/smppolesine.provincia.rovigo.it\/index.php\/wp-json\/wp\/v2\/comments?post=1327"}],"version-history":[{"count":188,"href":"https:\/\/smppolesine.provincia.rovigo.it\/index.php\/wp-json\/wp\/v2\/pages\/1327\/revisions"}],"predecessor-version":[{"id":2856,"href":"https:\/\/smppolesine.provincia.rovigo.it\/index.php\/wp-json\/wp\/v2\/pages\/1327\/revisions\/2856"}],"wp:attachment":[{"href":"https:\/\/smppolesine.provincia.rovigo.it\/index.php\/wp-json\/wp\/v2\/media?parent=1327"}],"curies":[{"name":"wp","href":"https:\/\/api.w.org\/{rel}","templated":true}]}}